{"id":3333,"date":"2019-10-31T23:31:44","date_gmt":"2019-10-31T22:31:44","guid":{"rendered":"http:\/\/greenchalets.com\/fr\/?page_id=3333"},"modified":"2020-03-20T13:45:21","modified_gmt":"2020-03-20T12:45:21","slug":"camping-castell-daro-platja-daro","status":"publish","type":"page","link":"https:\/\/greenchalets.com\/fr\/camping-castell-daro-platja-daro\/","title":{"rendered":"Camping Castell d\u2019Aro \u2013 Platja d\u2019Aro"},"content":{"rendered":"<div class=\"fusion-fullwidth fullwidth-box fusion-builder-row-1 nonhundred-percent-fullwidth non-hundred-percent-height-scrolling\" style=\"--awb-border-radius-top-left:0px;--awb-border-radius-top-right:0px;--awb-border-radius-bottom-right:0px;--awb-border-radius-bottom-left:0px;--awb-flex-wrap:wrap;\" ><div class=\"fusion-builder-row fusion-row\"><div class=\"fusion-layout-column fusion_builder_column fusion-builder-column-0 fusion_builder_column_1_1 1_1 fusion-one-full fusion-column-first fusion-column-last\" style=\"--awb-bg-size:cover;--awb-margin-bottom:0px;\"><div class=\"fusion-column-wrapper fusion-flex-column-wrapper-legacy\">\n<div class=\"fusion-slider-revolution rev_slider_wrapper\">\t\t\t<!-- START Palamos REVOLUTION SLIDER 6.6.20 --><p class=\"rs-p-wp-fix\"><\/p>\n\t\t\t<rs-module-wrap id=\"rev_slider_13_1_wrapper\" data-source=\"gallery\" style=\"visibility:hidden;background:transparent;padding:0;margin:0px auto;margin-top:0;margin-bottom:0;\">\n\t\t\t\t<rs-module id=\"rev_slider_13_1\" style=\"\" data-version=\"6.6.20\">\n\t\t\t\t\t<rs-slides style=\"overflow: hidden; position: absolute;\">\n\t\t\t\t\t\t<rs-slide style=\"position: absolute;\" data-key=\"rs-24\" data-title=\"Slide\" data-anim=\"r:0;\" data-in=\"o:0;\" data-out=\"a:false;\">\n\t\t\t\t\t\t\t<img decoding=\"async\" src=\"\/\/greenchalets.com\/fr\/wp-content\/plugins\/revslider\/public\/assets\/assets\/dummy.png\" alt=\"\" title=\"platja-daro-spanje.jpg\" width=\"1200\" height=\"347\" class=\"rev-slidebg tp-rs-img rs-lazyload\" data-lazyload=\"\/\/greenchalets.com\/fr\/wp-content\/uploads\/sites\/4\/revslider\/Palamos-nieuw\/platja-daro-spanje.jpg\" data-no-retina>\n<!--\n\t\t\t\t\t\t\t--><rs-layer\n\t\t\t\t\t\t\t\tid=\"slider-13-slide-24-layer-1\" \n\t\t\t\t\t\t\t\tclass=\"boxshadow\"\n\t\t\t\t\t\t\t\tdata-type=\"text\"\n\t\t\t\t\t\t\t\tdata-color=\"rgba(255, 255, 255, 1)\"\n\t\t\t\t\t\t\t\tdata-rsp_ch=\"on\"\n\t\t\t\t\t\t\t\tdata-xy=\"xo:181px;yo:202px;\"\n\t\t\t\t\t\t\t\tdata-text=\"w:normal;s:48;l:51;fw:600;\"\n\t\t\t\t\t\t\t\tdata-dim=\"w:330px;\"\n\t\t\t\t\t\t\t\tdata-padding=\"l:5;\"\n\t\t\t\t\t\t\t\tdata-frame_0=\"tp:600;\"\n\t\t\t\t\t\t\t\tdata-frame_1=\"tp:600;e:power2.inOut;st:500;sR:500;\"\n\t\t\t\t\t\t\t\tdata-frame_999=\"o:0;tp:600;e:nothing;st:w;sR:8200;\"\n\t\t\t\t\t\t\t\tstyle=\"z-index:5;font-family:'Trebuchet MS', 'Helvetica', 'sans-serif';-moz-box-shadow:0px 0px 20px rgba(0, 0, 0, 0.5);-webkit-box-shadow:0px 0px 20px rgba(0, 0, 0, 0.5);box-shadow:0px 0px 20px rgba(0, 0, 0, 0.5);\"\n\t\t\t\t\t\t\t>COSTA BRAVA \n\t\t\t\t\t\t\t<\/rs-layer><!--\n-->\t\t\t\t\t\t<\/rs-slide>\n\t\t\t\t\t<\/rs-slides>\n\t\t\t\t<\/rs-module>\n\t\t\t\t<script>\n\t\t\t\t\tsetREVStartSize({c: 'rev_slider_13_1',rl:[1240,1024,778,480],el:[300,300,300,300],gw:[1600,1600,778,480],gh:[300,300,300,300],type:'standard',justify:'',layout:'fullwidth',mh:\"0\"});if (window.RS_MODULES!==undefined && window.RS_MODULES.modules!==undefined && window.RS_MODULES.modules[\"revslider131\"]!==undefined) {window.RS_MODULES.modules[\"revslider131\"].once = false;window.revapi13 = undefined;if (window.RS_MODULES.checkMinimal!==undefined) window.RS_MODULES.checkMinimal()}\n\t\t\t\t<\/script>\n\t\t\t<\/rs-module-wrap>\n\t\t\t<!-- END REVOLUTION SLIDER -->\n<\/div><div class=\"fusion-text fusion-text-1\"><\/div><div class=\"fusion-clearfix\"><\/div><\/div><\/div><div class=\"fusion-layout-column fusion_builder_column fusion-builder-column-1 fusion_builder_column_1_5 1_5 fusion-one-fifth fusion-column-first\" style=\"--awb-bg-size:cover;--awb-margin-top:30px;width:20%;width:calc(20% - ( ( 4% + 4% + 4% + 4% ) * 0.2 ) );margin-right: 4%;\"><div class=\"fusion-column-wrapper fusion-flex-column-wrapper-legacy\"><div class=\"fusion-image-element in-legacy-container\" style=\"--awb-caption-title-font-family:var(--h2_typography-font-family);--awb-caption-title-font-weight:var(--h2_typography-font-weight);--awb-caption-title-font-style:var(--h2_typography-font-style);--awb-caption-title-size:var(--h2_typography-font-size);--awb-caption-title-transform:var(--h2_typography-text-transform);--awb-caption-title-line-height:var(--h2_typography-line-height);--awb-caption-title-letter-spacing:var(--h2_typography-letter-spacing);\"><span class=\" fusion-imageframe imageframe-dropshadow imageframe-1 hover-type-none\" style=\"-webkit-box-shadow: 3px 3px 7px rgba(0,0,0,0.3);box-shadow: 3px 3px 7px rgba(0,0,0,0.3);\"><a href=\"https:\/\/greenchalets.com\/wp-content\/uploads\/2019\/07\/Camping-Castell-daro-entree-300x225.jpg\" class=\"fusion-lightbox\" data-rel=\"iLightbox[a3f269ec4ca4b8b8d10]\" title=\"LagoDiLugano_text.png\"><img decoding=\"async\" width=\"300\" height=\"225\" alt=\"Camping Castell d\u2019Aro\" src=\"https:\/\/greenchalets.com\/wp-content\/uploads\/2019\/07\/Camping-Castell-daro-entree-300x225.jpg\" class=\"img-responsive wp-image-2871\"\/><\/a><\/span><\/div><div class=\"fusion-clearfix\"><\/div><\/div><\/div><div class=\"fusion-layout-column fusion_builder_column fusion-builder-column-2 fusion_builder_column_1_5 1_5 fusion-one-fifth\" style=\"--awb-bg-size:cover;--awb-margin-top:30px;width:20%;width:calc(20% - ( ( 4% + 4% + 4% + 4% ) * 0.2 ) );margin-right: 4%;\"><div class=\"fusion-column-wrapper fusion-flex-column-wrapper-legacy\"><div class=\"fusion-image-element in-legacy-container\" style=\"--awb-caption-title-font-family:var(--h2_typography-font-family);--awb-caption-title-font-weight:var(--h2_typography-font-weight);--awb-caption-title-font-style:var(--h2_typography-font-style);--awb-caption-title-size:var(--h2_typography-font-size);--awb-caption-title-transform:var(--h2_typography-text-transform);--awb-caption-title-line-height:var(--h2_typography-line-height);--awb-caption-title-letter-spacing:var(--h2_typography-letter-spacing);\"><span class=\" fusion-imageframe imageframe-dropshadow imageframe-2 hover-type-none\" style=\"-webkit-box-shadow: 3px 3px 7px rgba(0,0,0,0.3);box-shadow: 3px 3px 7px rgba(0,0,0,0.3);\"><a href=\"https:\/\/greenchalets.com\/wp-content\/uploads\/2019\/07\/st.agaro-camping-castel-pool-greenchalets-300x225.jpg\" class=\"fusion-lightbox\" data-rel=\"iLightbox[e6c820e1fd4c949c09d]\" title=\"cote-dazur-kustlijn-greenchalets.jpg\"><img decoding=\"async\" width=\"300\" height=\"225\" alt=\"Camping Castell d\u2019Aro\" src=\"https:\/\/greenchalets.com\/wp-content\/uploads\/2019\/07\/st.agaro-camping-castel-pool-greenchalets-300x225.jpg\" class=\"img-responsive wp-image-2872\"\/><\/a><\/span><\/div><div class=\"fusion-clearfix\"><\/div><\/div><\/div><div class=\"fusion-layout-column fusion_builder_column fusion-builder-column-3 fusion_builder_column_1_5 1_5 fusion-one-fifth\" style=\"--awb-bg-size:cover;--awb-margin-top:30px;width:20%;width:calc(20% - ( ( 4% + 4% + 4% + 4% ) * 0.2 ) );margin-right: 4%;\"><div class=\"fusion-column-wrapper fusion-flex-column-wrapper-legacy\"><div class=\"fusion-image-element in-legacy-container\" style=\"--awb-caption-title-font-family:var(--h2_typography-font-family);--awb-caption-title-font-weight:var(--h2_typography-font-weight);--awb-caption-title-font-style:var(--h2_typography-font-style);--awb-caption-title-size:var(--h2_typography-font-size);--awb-caption-title-transform:var(--h2_typography-text-transform);--awb-caption-title-line-height:var(--h2_typography-line-height);--awb-caption-title-letter-spacing:var(--h2_typography-letter-spacing);\"><span class=\" fusion-imageframe imageframe-dropshadow imageframe-3 hover-type-none\" style=\"-webkit-box-shadow: 3px 3px 7px rgba(0,0,0,0.3);box-shadow: 3px 3px 7px rgba(0,0,0,0.3);\"><a href=\"https:\/\/greenchalets.com\/wp-content\/uploads\/2019\/07\/camping-castell-daro-speeltuin-spielplatz-300x225.jpg\" class=\"fusion-lightbox\" data-rel=\"iLightbox[b466425181f0108be78]\" title=\"CotedAzur_text.png\"><img decoding=\"async\" width=\"300\" height=\"225\" alt=\"Camping Castell d\u2019Aro\" src=\"https:\/\/greenchalets.com\/wp-content\/uploads\/2019\/07\/camping-castell-daro-speeltuin-spielplatz-300x225.jpg\" class=\"img-responsive wp-image-2873\"\/><\/a><\/span><\/div><div class=\"fusion-clearfix\"><\/div><\/div><\/div><div class=\"fusion-layout-column fusion_builder_column fusion-builder-column-4 fusion_builder_column_1_5 1_5 fusion-one-fifth\" style=\"--awb-bg-size:cover;--awb-margin-top:30px;width:20%;width:calc(20% - ( ( 4% + 4% + 4% + 4% ) * 0.2 ) );margin-right: 4%;\"><div class=\"fusion-column-wrapper fusion-flex-column-wrapper-legacy\"><div class=\"fusion-image-element in-legacy-container\" style=\"--awb-caption-title-font-family:var(--h2_typography-font-family);--awb-caption-title-font-weight:var(--h2_typography-font-weight);--awb-caption-title-font-style:var(--h2_typography-font-style);--awb-caption-title-size:var(--h2_typography-font-size);--awb-caption-title-transform:var(--h2_typography-text-transform);--awb-caption-title-line-height:var(--h2_typography-line-height);--awb-caption-title-letter-spacing:var(--h2_typography-letter-spacing);\"><span class=\" fusion-imageframe imageframe-dropshadow imageframe-4 hover-type-none\" style=\"-webkit-box-shadow: 3px 3px 7px rgba(0,0,0,0.3);box-shadow: 3px 3px 7px rgba(0,0,0,0.3);\"><a href=\"https:\/\/greenchalets.com\/wp-content\/uploads\/2019\/07\/camping-castell-platja-d\u00b4aro-tennis-greenchalets-1-300x217.jpg\" class=\"fusion-lightbox\" data-rel=\"iLightbox[6a2269e87687fa85df2]\" title=\"HOOFDFOTO-st-aygulf-strand-greenchalets-L-ws.jpg\"><img decoding=\"async\" width=\"300\" height=\"217\" alt=\"Camping Castell d\u2019Aro\" src=\"https:\/\/greenchalets.com\/wp-content\/uploads\/2019\/07\/camping-castell-platja-d\u00b4aro-tennis-greenchalets-1-300x217.jpg\" class=\"img-responsive wp-image-2878\"\/><\/a><\/span><\/div><div class=\"fusion-clearfix\"><\/div><\/div><\/div><div class=\"fusion-layout-column fusion_builder_column fusion-builder-column-5 fusion_builder_column_1_5 1_5 fusion-one-fifth fusion-column-last\" style=\"--awb-bg-size:cover;--awb-margin-top:30px;width:20%;width:calc(20% - ( ( 4% + 4% + 4% + 4% ) * 0.2 ) );\"><div class=\"fusion-column-wrapper fusion-flex-column-wrapper-legacy\"><div class=\"fusion-image-element in-legacy-container\" style=\"--awb-caption-title-font-family:var(--h2_typography-font-family);--awb-caption-title-font-weight:var(--h2_typography-font-weight);--awb-caption-title-font-style:var(--h2_typography-font-style);--awb-caption-title-size:var(--h2_typography-font-size);--awb-caption-title-transform:var(--h2_typography-text-transform);--awb-caption-title-line-height:var(--h2_typography-line-height);--awb-caption-title-letter-spacing:var(--h2_typography-letter-spacing);\"><span class=\" fusion-imageframe imageframe-dropshadow imageframe-5 hover-type-none\" style=\"-webkit-box-shadow: 3px 3px 7px rgba(0,0,0,0.3);box-shadow: 3px 3px 7px rgba(0,0,0,0.3);\"><a href=\"https:\/\/greenchalets.com\/wp-content\/uploads\/2019\/07\/castell-platja-daro-zwembad-spel-Greenchalets-300x225.jpg\" class=\"fusion-lightbox\" data-rel=\"iLightbox[93f780737210f775fa6]\" title=\"platja-daro-spanje-1.jpg\"><img decoding=\"async\" width=\"300\" height=\"225\" alt=\"Camping Castell d\u2019Aro\" src=\"https:\/\/greenchalets.com\/wp-content\/uploads\/2019\/07\/castell-platja-daro-zwembad-spel-Greenchalets-300x225.jpg\" class=\"img-responsive wp-image-2875\"\/><\/a><\/span><\/div><div class=\"fusion-clearfix\"><\/div><\/div><\/div><div class=\"fusion-layout-column fusion_builder_column fusion-builder-column-6 fusion_builder_column_1_4 1_4 fusion-one-fourth fusion-column-first\" style=\"--awb-bg-size:cover;width:25%;width:calc(25% - ( ( 4% ) * 0.25 ) );margin-right: 4%;\"><div class=\"fusion-column-wrapper fusion-flex-column-wrapper-legacy\"><div class=\"fusion-text fusion-text-2\"><p><a href=\"https:\/\/www.facebook.com\/greenchalets\" target=\"_blank\" rel=\"noopener noreferrer\"><img decoding=\"async\" class=\"alignnone size-full wp-image-696\" src=\"https:\/\/greenchalets.com\/wp-content\/uploads\/2016\/01\/facebook.png\" alt=\"facebook\" \/><\/a><\/p>\n<\/div><div class=\"fusion-text fusion-text-3\"><p><a href=\"https:\/\/greenchalets.com\/fr\/prix-platjo-daro\/\"><img decoding=\"async\" class=\"alignnone wp-image-5589 size-full\" src=\"https:\/\/greenchalets.com\/wp-content\/uploads\/sites\/4\/2016\/01\/ArrowFR-Prix.png\" alt=\"ArrowNL\" width=\"121\" height=\"35\" \/><\/a><\/p>\n<p><a href=\"https:\/\/greenchalets.com\/fr\/contact\/\"><img decoding=\"async\" class=\"alignnone size-full wp-image-5589\" src=\"https:\/\/greenchalets.com\/wp-content\/uploads\/sites\/4\/2016\/01\/ArrowFR.png\" alt=\"ArrowFR\" width=\"121\" height=\"35\" \/><\/a><\/p>\n<\/div><div class=\"fusion-widget-area awb-widget-area-element fusion-widget-area-1 fusion-content-widget-area\" style=\"--awb-title-size:13px;--awb-title-color:#318d08;\"><div id=\"nav_menu-11\" class=\"widget widget_nav_menu\"><div class=\"menu-platja-daro-fr-container\"><ul id=\"menu-platja-daro-fr\" class=\"menu\"><li id=\"menu-item-3350\" class=\"menu-item menu-item-type-post_type menu-item-object-page menu-item-3350\"><a href=\"https:\/\/greenchalets.com\/fr\/mobilhome-castell-platja-daro\/\">Castell Platja d\u2019Aro mobilhome S<\/a><\/li>\n<li id=\"menu-item-3349\" class=\"menu-item menu-item-type-post_type menu-item-object-page menu-item-3349\"><a href=\"https:\/\/greenchalets.com\/fr\/camping-castell-daro-platja-daro\/\">Camping Castell d\u2019Aro \u2013 Platja d\u2019Aro<\/a><\/li>\n<li id=\"menu-item-3348\" class=\"menu-item menu-item-type-post_type menu-item-object-page menu-item-3348\"><a href=\"https:\/\/greenchalets.com\/fr\/environnement-castell-platja-daro\/\">Environnement Castell Platja d&#8217;Aro<\/a><\/li>\n<li id=\"menu-item-3347\" class=\"menu-item menu-item-type-post_type menu-item-object-page menu-item-3347\"><a href=\"https:\/\/greenchalets.com\/fr\/lieu-greenchalets-castell-platja-daro\/\">Lieu Greenchalets Castell Platja d&#8217;Aro<\/a><\/li>\n<\/ul><\/div><\/div><div class=\"fusion-additional-widget-content\"><\/div><\/div><div class=\"fusion-text fusion-text-4\"><p><a href=\"mailto:info@greenchalets.com\"><img decoding=\"async\" class=\"alignnone size-full wp-image-677\" src=\"https:\/\/greenchalets.com\/fr\/wp-content\/uploads\/sites\/4\/2016\/01\/Vragen-FR.png\" alt=\"Vragen FR\u201d width=\" height=\"35\" \/><\/a><\/p>\n<\/div><div class=\"fusion-text fusion-text-5\"><\/div><div class=\"fusion-clearfix\"><\/div><\/div><\/div><div class=\"fusion-layout-column fusion_builder_column fusion-builder-column-7 fusion_builder_column_2_3 2_3 fusion-two-third fusion-column-last\" style=\"--awb-bg-size:cover;width:66.666666666667%;width:calc(66.666666666667% - ( ( 4% ) * 0.66666666666667 ) );\"><div class=\"fusion-column-wrapper fusion-flex-column-wrapper-legacy\"><div class=\"fusion-text fusion-text-6\"><h2>CAMPING CASTELL D&#8217;ARO\u00a0 \u00a0\/ PLATJA D&#8217;ARO<\/h2>\n<\/div><div class=\"fusion-builder-row fusion-builder-row-inner fusion-row\"><div class=\"fusion-layout-column fusion_builder_column_inner fusion-builder-nested-column-0 fusion_builder_column_inner_1_2 1_2 fusion-one-half fusion-column-first\" style=\"--awb-bg-size:cover;width:50%;width:calc(50% - ( ( 4% ) * 0.5 ) );margin-right: 4%;\"><div class=\"fusion-column-wrapper fusion-flex-column-wrapper-legacy\"><div class=\"fusion-text fusion-text-7\"><p>Le camping Castell d\u2019aro est situ\u00e9 au calme, entre les c\u00e9l\u00e8bres stations baln\u00e9aires de Platja d\u2019aro et de S\u2019Agaro. \u00c0 environ 3 km des belles plages de la Costa Brava.<\/p>\n<p>En raison de son emplacement calme, juste \u00e0 la sortie de Platja d\u2019aro, vous ne serez pas d\u00e9rang\u00e9 par la foule de vacances de cette station baln\u00e9aire anim\u00e9e pendant la haute saison. Le camping est particuli\u00e8rement adapt\u00e9 aux familles dont les parents veulent profiter du repos de la soir\u00e9e. Pendant que les enfants s&#8217;amusent sur le terrain cl\u00f4tur\u00e9 de la &#8220;jeunesse&#8221;. Ou \u00e0 proximit\u00e9 de Platja d\u2019Aro. Les terrains de sport (football, volley-ball, basket-ball, tennis et salon) sont situ\u00e9s dans une partie s\u00e9par\u00e9e du camping. C&#8217;est pourquoi vous ne serez pas d\u00e9rang\u00e9 par cela.<\/p>\n<h3>Le camping familial est ouvert de mai \u00e0 septembre.<\/h3>\n<p>Le camping Castell d\u2019aro est un site familial confortable de taille moyenne avec environ 350 emplacements. De plus, les emplacements sont en partie ombrag\u00e9s et tr\u00e8s bien entretenus.<\/p>\n<p>Le camping dispose \u00e9galement d&#8217;une piscine r\u00e9nov\u00e9e avec terrasse. Autour de la piscine, vous trouverez une grande pelouse (herbe).<\/p>\n<\/div><div class=\"fusion-clearfix\"><\/div><\/div><\/div><div class=\"fusion-layout-column fusion_builder_column_inner fusion-builder-nested-column-1 fusion_builder_column_inner_1_2 1_2 fusion-one-half fusion-column-last\" style=\"--awb-bg-size:cover;width:50%;width:calc(50% - ( ( 4% ) * 0.5 ) );\"><div class=\"fusion-column-wrapper fusion-flex-column-wrapper-legacy\"><div class=\"fusion-text fusion-text-8\"><p>Pendant la haute saison, des animations pour les enfants sont organis\u00e9es \u00e0 proximit\u00e9 des terrains de sport.<\/p>\n<p>Les belles plages de Platja d\u2019aro et de S\u2019Agaro sont facilement accessibles en voiture, en v\u00e9lo ou en bus qui s\u2019arr\u00eate devant le camping.<\/p>\n<h3>Les belles plages sont \u00e0 environ 2 km du camping.<\/h3>\n<p>Bien s\u00fbr, il y a un petit magasin de camping pour le pain frais le matin. Vous trouverez \u00e9galement un restaurant, des terrains de sport et quelques aires de jeux au camping Castell d\u2019aro.<\/p>\n<p>Voulez-vous louer un chalet au camping Castell d\u2019Aro Costa Brava?<\/p>\n<p>Greenchalets dispose d&#8217;un certain nombre de chalets magnifiquement situ\u00e9s pour des vacances sans soucis en camping \/ chalet. Nous sommes impatients de vous accueillir dans notre nouvel emplacement \u00e0 Castell Platja d\u2019aro. Pour de vraies vacances au soleil en Espagne sur la Costa Brava!<\/p>\n<\/div><div class=\"fusion-clearfix\"><\/div><\/div><\/div><\/div><div class=\"fusion-clearfix\"><\/div><\/div><\/div><\/div><\/div>\n","protected":false},"excerpt":{"rendered":"","protected":false},"author":3,"featured_media":0,"parent":0,"menu_order":0,"comment_status":"closed","ping_status":"closed","template":"","meta":{"footnotes":""},"class_list":["post-3333","page","type-page","status-publish","hentry"],"yoast_head":"<!-- This site is optimized with the Yoast SEO plugin v27.5 - https:\/\/yoast.com\/product\/yoast-seo-wordpress\/ -->\n<title>Camping Castell d\u2019Aro Platja d&#039;Aro Greenchalets Costa Brava<\/title>\n<meta name=\"description\" content=\"Camping Castell d\u2019Aro Le camping Castell d\u2019aro est situ\u00e9 au calme, entre les c\u00e9l\u00e8bres stations baln\u00e9aires de Platja d\u2019aro et de S\u2019Agaro.\" \/>\n<meta name=\"robots\" content=\"index, follow, max-snippet:-1, max-image-preview:large, max-video-preview:-1\" \/>\n<link rel=\"canonical\" href=\"https:\/\/greenchalets.com\/fr\/camping-castell-daro-platja-daro\/\" \/>\n<meta property=\"og:locale\" content=\"nl_NL\" \/>\n<meta property=\"og:type\" content=\"article\" \/>\n<meta property=\"og:title\" content=\"Camping Castell d\u2019Aro Platja d&#039;Aro Greenchalets Costa Brava\" \/>\n<meta property=\"og:description\" content=\"Camping Castell d\u2019Aro Le camping Castell d\u2019aro est situ\u00e9 au calme, entre les c\u00e9l\u00e8bres stations baln\u00e9aires de Platja d\u2019aro et de S\u2019Agaro.\" \/>\n<meta property=\"og:url\" content=\"https:\/\/greenchalets.com\/fr\/camping-castell-daro-platja-daro\/\" \/>\n<meta property=\"og:site_name\" content=\"Greenchalets FR\" \/>\n<meta property=\"article:modified_time\" content=\"2020-03-20T12:45:21+00:00\" \/>\n<meta property=\"og:image\" content=\"https:\/\/greenchalets.com\/wp-content\/uploads\/2016\/01\/facebook.png\" \/>\n<meta name=\"twitter:card\" content=\"summary_large_image\" \/>\n<meta name=\"twitter:label1\" content=\"Geschatte leestijd\" \/>\n\t<meta name=\"twitter:data1\" content=\"7 minuten\" \/>\n<script type=\"application\/ld+json\" class=\"yoast-schema-graph\">{\"@context\":\"https:\\\/\\\/schema.org\",\"@graph\":[{\"@type\":\"WebPage\",\"@id\":\"https:\\\/\\\/greenchalets.com\\\/fr\\\/camping-castell-daro-platja-daro\\\/\",\"url\":\"https:\\\/\\\/greenchalets.com\\\/fr\\\/camping-castell-daro-platja-daro\\\/\",\"name\":\"Camping Castell d\u2019Aro Platja d'Aro Greenchalets Costa Brava\",\"isPartOf\":{\"@id\":\"https:\\\/\\\/greenchalets.com\\\/fr\\\/#website\"},\"primaryImageOfPage\":{\"@id\":\"https:\\\/\\\/greenchalets.com\\\/fr\\\/camping-castell-daro-platja-daro\\\/#primaryimage\"},\"image\":{\"@id\":\"https:\\\/\\\/greenchalets.com\\\/fr\\\/camping-castell-daro-platja-daro\\\/#primaryimage\"},\"thumbnailUrl\":\"https:\\\/\\\/greenchalets.com\\\/wp-content\\\/uploads\\\/2016\\\/01\\\/facebook.png\",\"datePublished\":\"2019-10-31T22:31:44+00:00\",\"dateModified\":\"2020-03-20T12:45:21+00:00\",\"description\":\"Camping Castell d\u2019Aro Le camping Castell d\u2019aro est situ\u00e9 au calme, entre les c\u00e9l\u00e8bres stations baln\u00e9aires de Platja d\u2019aro et de S\u2019Agaro.\",\"breadcrumb\":{\"@id\":\"https:\\\/\\\/greenchalets.com\\\/fr\\\/camping-castell-daro-platja-daro\\\/#breadcrumb\"},\"inLanguage\":\"nl-NL\",\"potentialAction\":[{\"@type\":\"ReadAction\",\"target\":[\"https:\\\/\\\/greenchalets.com\\\/fr\\\/camping-castell-daro-platja-daro\\\/\"]}]},{\"@type\":\"ImageObject\",\"inLanguage\":\"nl-NL\",\"@id\":\"https:\\\/\\\/greenchalets.com\\\/fr\\\/camping-castell-daro-platja-daro\\\/#primaryimage\",\"url\":\"https:\\\/\\\/greenchalets.com\\\/wp-content\\\/uploads\\\/2016\\\/01\\\/facebook.png\",\"contentUrl\":\"https:\\\/\\\/greenchalets.com\\\/wp-content\\\/uploads\\\/2016\\\/01\\\/facebook.png\"},{\"@type\":\"BreadcrumbList\",\"@id\":\"https:\\\/\\\/greenchalets.com\\\/fr\\\/camping-castell-daro-platja-daro\\\/#breadcrumb\",\"itemListElement\":[{\"@type\":\"ListItem\",\"position\":1,\"name\":\"Home\",\"item\":\"https:\\\/\\\/greenchalets.com\\\/fr\\\/\"},{\"@type\":\"ListItem\",\"position\":2,\"name\":\"Camping Castell d\u2019Aro \u2013 Platja d\u2019Aro\"}]},{\"@type\":\"WebSite\",\"@id\":\"https:\\\/\\\/greenchalets.com\\\/fr\\\/#website\",\"url\":\"https:\\\/\\\/greenchalets.com\\\/fr\\\/\",\"name\":\"Greenchalets FR\",\"description\":\"Greenchalets Mobil-homes camping Vacances\",\"potentialAction\":[{\"@type\":\"SearchAction\",\"target\":{\"@type\":\"EntryPoint\",\"urlTemplate\":\"https:\\\/\\\/greenchalets.com\\\/fr\\\/?s={search_term_string}\"},\"query-input\":{\"@type\":\"PropertyValueSpecification\",\"valueRequired\":true,\"valueName\":\"search_term_string\"}}],\"inLanguage\":\"nl-NL\"}]}<\/script>\n<!-- \/ Yoast SEO plugin. -->","yoast_head_json":{"title":"Camping Castell d\u2019Aro Platja d'Aro Greenchalets Costa Brava","description":"Camping Castell d\u2019Aro Le camping Castell d\u2019aro est situ\u00e9 au calme, entre les c\u00e9l\u00e8bres stations baln\u00e9aires de Platja d\u2019aro et de S\u2019Agaro.","robots":{"index":"index","follow":"follow","max-snippet":"max-snippet:-1","max-image-preview":"max-image-preview:large","max-video-preview":"max-video-preview:-1"},"canonical":"https:\/\/greenchalets.com\/fr\/camping-castell-daro-platja-daro\/","og_locale":"nl_NL","og_type":"article","og_title":"Camping Castell d\u2019Aro Platja d'Aro Greenchalets Costa Brava","og_description":"Camping Castell d\u2019Aro Le camping Castell d\u2019aro est situ\u00e9 au calme, entre les c\u00e9l\u00e8bres stations baln\u00e9aires de Platja d\u2019aro et de S\u2019Agaro.","og_url":"https:\/\/greenchalets.com\/fr\/camping-castell-daro-platja-daro\/","og_site_name":"Greenchalets FR","article_modified_time":"2020-03-20T12:45:21+00:00","og_image":[{"url":"https:\/\/greenchalets.com\/wp-content\/uploads\/2016\/01\/facebook.png","type":"","width":"","height":""}],"twitter_card":"summary_large_image","twitter_misc":{"Geschatte leestijd":"7 minuten"},"schema":{"@context":"https:\/\/schema.org","@graph":[{"@type":"WebPage","@id":"https:\/\/greenchalets.com\/fr\/camping-castell-daro-platja-daro\/","url":"https:\/\/greenchalets.com\/fr\/camping-castell-daro-platja-daro\/","name":"Camping Castell d\u2019Aro Platja d'Aro Greenchalets Costa Brava","isPartOf":{"@id":"https:\/\/greenchalets.com\/fr\/#website"},"primaryImageOfPage":{"@id":"https:\/\/greenchalets.com\/fr\/camping-castell-daro-platja-daro\/#primaryimage"},"image":{"@id":"https:\/\/greenchalets.com\/fr\/camping-castell-daro-platja-daro\/#primaryimage"},"thumbnailUrl":"https:\/\/greenchalets.com\/wp-content\/uploads\/2016\/01\/facebook.png","datePublished":"2019-10-31T22:31:44+00:00","dateModified":"2020-03-20T12:45:21+00:00","description":"Camping Castell d\u2019Aro Le camping Castell d\u2019aro est situ\u00e9 au calme, entre les c\u00e9l\u00e8bres stations baln\u00e9aires de Platja d\u2019aro et de S\u2019Agaro.","breadcrumb":{"@id":"https:\/\/greenchalets.com\/fr\/camping-castell-daro-platja-daro\/#breadcrumb"},"inLanguage":"nl-NL","potentialAction":[{"@type":"ReadAction","target":["https:\/\/greenchalets.com\/fr\/camping-castell-daro-platja-daro\/"]}]},{"@type":"ImageObject","inLanguage":"nl-NL","@id":"https:\/\/greenchalets.com\/fr\/camping-castell-daro-platja-daro\/#primaryimage","url":"https:\/\/greenchalets.com\/wp-content\/uploads\/2016\/01\/facebook.png","contentUrl":"https:\/\/greenchalets.com\/wp-content\/uploads\/2016\/01\/facebook.png"},{"@type":"BreadcrumbList","@id":"https:\/\/greenchalets.com\/fr\/camping-castell-daro-platja-daro\/#breadcrumb","itemListElement":[{"@type":"ListItem","position":1,"name":"Home","item":"https:\/\/greenchalets.com\/fr\/"},{"@type":"ListItem","position":2,"name":"Camping Castell d\u2019Aro \u2013 Platja d\u2019Aro"}]},{"@type":"WebSite","@id":"https:\/\/greenchalets.com\/fr\/#website","url":"https:\/\/greenchalets.com\/fr\/","name":"Greenchalets FR","description":"Greenchalets Mobil-homes camping Vacances","potentialAction":[{"@type":"SearchAction","target":{"@type":"EntryPoint","urlTemplate":"https:\/\/greenchalets.com\/fr\/?s={search_term_string}"},"query-input":{"@type":"PropertyValueSpecification","valueRequired":true,"valueName":"search_term_string"}}],"inLanguage":"nl-NL"}]}},"_links":{"self":[{"href":"https:\/\/greenchalets.com\/fr\/wp-json\/wp\/v2\/pages\/3333","targetHints":{"allow":["GET"]}}],"collection":[{"href":"https:\/\/greenchalets.com\/fr\/wp-json\/wp\/v2\/pages"}],"about":[{"href":"https:\/\/greenchalets.com\/fr\/wp-json\/wp\/v2\/types\/page"}],"author":[{"embeddable":true,"href":"https:\/\/greenchalets.com\/fr\/wp-json\/wp\/v2\/users\/3"}],"replies":[{"embeddable":true,"href":"https:\/\/greenchalets.com\/fr\/wp-json\/wp\/v2\/comments?post=3333"}],"version-history":[{"count":7,"href":"https:\/\/greenchalets.com\/fr\/wp-json\/wp\/v2\/pages\/3333\/revisions"}],"predecessor-version":[{"id":3703,"href":"https:\/\/greenchalets.com\/fr\/wp-json\/wp\/v2\/pages\/3333\/revisions\/3703"}],"wp:attachment":[{"href":"https:\/\/greenchalets.com\/fr\/wp-json\/wp\/v2\/media?parent=3333"}],"curies":[{"name":"wp","href":"https:\/\/api.w.org\/{rel}","templated":true}]}}