{"id":2708,"date":"2018-09-07T23:35:21","date_gmt":"2018-09-07T22:35:21","guid":{"rendered":"http:\/\/greenchalets.com\/fr\/?page_id=2708"},"modified":"2025-06-07T17:20:02","modified_gmt":"2025-06-07T16:20:02","slug":"camping-internacional-palamos","status":"publish","type":"page","link":"https:\/\/greenchalets.com\/fr\/camping-internacional-palamos\/","title":{"rendered":"Camping Internacional Palamos"},"content":{"rendered":"<div class=\"fusion-fullwidth fullwidth-box fusion-builder-row-1 nonhundred-percent-fullwidth non-hundred-percent-height-scrolling\" style=\"--awb-border-radius-top-left:0px;--awb-border-radius-top-right:0px;--awb-border-radius-bottom-right:0px;--awb-border-radius-bottom-left:0px;--awb-flex-wrap:wrap;\" ><div class=\"fusion-builder-row fusion-row\"><div class=\"fusion-layout-column fusion_builder_column fusion-builder-column-0 fusion_builder_column_1_1 1_1 fusion-one-full fusion-column-first fusion-column-last\" style=\"--awb-bg-size:cover;--awb-margin-bottom:0px;\"><div class=\"fusion-column-wrapper fusion-flex-column-wrapper-legacy\">\n<div class=\"fusion-slider-revolution rev_slider_wrapper\">\t\t\t<!-- START Palamos REVOLUTION SLIDER 6.6.20 --><p class=\"rs-p-wp-fix\"><\/p>\n\t\t\t<rs-module-wrap id=\"rev_slider_13_1_wrapper\" data-source=\"gallery\" style=\"visibility:hidden;background:transparent;padding:0;margin:0px auto;margin-top:0;margin-bottom:0;\">\n\t\t\t\t<rs-module id=\"rev_slider_13_1\" style=\"\" data-version=\"6.6.20\">\n\t\t\t\t\t<rs-slides style=\"overflow: hidden; position: absolute;\">\n\t\t\t\t\t\t<rs-slide style=\"position: absolute;\" data-key=\"rs-24\" data-title=\"Slide\" data-anim=\"r:0;\" data-in=\"o:0;\" data-out=\"a:false;\">\n\t\t\t\t\t\t\t<img decoding=\"async\" src=\"\/\/greenchalets.com\/fr\/wp-content\/plugins\/revslider\/public\/assets\/assets\/dummy.png\" alt=\"\" title=\"platja-daro-spanje.jpg\" width=\"1200\" height=\"347\" class=\"rev-slidebg tp-rs-img rs-lazyload\" data-lazyload=\"\/\/greenchalets.com\/fr\/wp-content\/uploads\/sites\/4\/revslider\/Palamos-nieuw\/platja-daro-spanje.jpg\" data-no-retina>\n<!--\n\t\t\t\t\t\t\t--><rs-layer\n\t\t\t\t\t\t\t\tid=\"slider-13-slide-24-layer-1\" \n\t\t\t\t\t\t\t\tclass=\"boxshadow\"\n\t\t\t\t\t\t\t\tdata-type=\"text\"\n\t\t\t\t\t\t\t\tdata-color=\"rgba(255, 255, 255, 1)\"\n\t\t\t\t\t\t\t\tdata-rsp_ch=\"on\"\n\t\t\t\t\t\t\t\tdata-xy=\"xo:181px;yo:202px;\"\n\t\t\t\t\t\t\t\tdata-text=\"w:normal;s:48;l:51;fw:600;\"\n\t\t\t\t\t\t\t\tdata-dim=\"w:330px;\"\n\t\t\t\t\t\t\t\tdata-padding=\"l:5;\"\n\t\t\t\t\t\t\t\tdata-frame_0=\"tp:600;\"\n\t\t\t\t\t\t\t\tdata-frame_1=\"tp:600;e:power2.inOut;st:500;sR:500;\"\n\t\t\t\t\t\t\t\tdata-frame_999=\"o:0;tp:600;e:nothing;st:w;sR:8200;\"\n\t\t\t\t\t\t\t\tstyle=\"z-index:5;font-family:'Trebuchet MS', 'Helvetica', 'sans-serif';-moz-box-shadow:0px 0px 20px rgba(0, 0, 0, 0.5);-webkit-box-shadow:0px 0px 20px rgba(0, 0, 0, 0.5);box-shadow:0px 0px 20px rgba(0, 0, 0, 0.5);\"\n\t\t\t\t\t\t\t>COSTA BRAVA \n\t\t\t\t\t\t\t<\/rs-layer><!--\n-->\t\t\t\t\t\t<\/rs-slide>\n\t\t\t\t\t<\/rs-slides>\n\t\t\t\t<\/rs-module>\n\t\t\t\t<script>\n\t\t\t\t\tsetREVStartSize({c: 'rev_slider_13_1',rl:[1240,1024,778,480],el:[300,300,300,300],gw:[1600,1600,778,480],gh:[300,300,300,300],type:'standard',justify:'',layout:'fullwidth',mh:\"0\"});if (window.RS_MODULES!==undefined && window.RS_MODULES.modules!==undefined && window.RS_MODULES.modules[\"revslider131\"]!==undefined) {window.RS_MODULES.modules[\"revslider131\"].once = false;window.revapi13 = undefined;if (window.RS_MODULES.checkMinimal!==undefined) window.RS_MODULES.checkMinimal()}\n\t\t\t\t<\/script>\n\t\t\t<\/rs-module-wrap>\n\t\t\t<!-- END REVOLUTION SLIDER -->\n<\/div><div class=\"fusion-clearfix\"><\/div><\/div><\/div><div class=\"fusion-layout-column fusion_builder_column fusion-builder-column-1 fusion_builder_column_1_5 1_5 fusion-one-fifth fusion-column-first\" style=\"--awb-bg-size:cover;--awb-margin-top:30px;width:20%;width:calc(20% - ( ( 4% + 4% + 4% + 4% ) * 0.2 ) );margin-right: 4%;\"><div class=\"fusion-column-wrapper fusion-flex-column-wrapper-legacy\"><div class=\"fusion-image-element in-legacy-container\" style=\"--awb-caption-title-font-family:var(--h2_typography-font-family);--awb-caption-title-font-weight:var(--h2_typography-font-weight);--awb-caption-title-font-style:var(--h2_typography-font-style);--awb-caption-title-size:var(--h2_typography-font-size);--awb-caption-title-transform:var(--h2_typography-text-transform);--awb-caption-title-line-height:var(--h2_typography-line-height);--awb-caption-title-letter-spacing:var(--h2_typography-letter-spacing);\"><span class=\" fusion-imageframe imageframe-dropshadow imageframe-1 hover-type-none\" style=\"-webkit-box-shadow: 3px 3px 7px rgba(0,0,0,0.3);box-shadow: 3px 3px 7px rgba(0,0,0,0.3);\"><a href=\"https:\/\/greenchalets.com\/wp-content\/uploads\/2017\/11\/palamos-bord-camping-internatcional.jpg\" class=\"fusion-lightbox\" data-rel=\"iLightbox[c8de119154bf99a3873]\"><img decoding=\"async\" alt=\"Camping Internacional Palamos\" src=\"https:\/\/greenchalets.com\/wp-content\/uploads\/2015\/12\/palamos-bord-camping-internatcional-vk-300x300.jpg\" class=\"img-responsive\"\/><\/a><\/span><\/div><div class=\"fusion-clearfix\"><\/div><\/div><\/div><div class=\"fusion-layout-column fusion_builder_column fusion-builder-column-2 fusion_builder_column_1_5 1_5 fusion-one-fifth\" style=\"--awb-bg-size:cover;--awb-margin-top:30px;width:20%;width:calc(20% - ( ( 4% + 4% + 4% + 4% ) * 0.2 ) );margin-right: 4%;\"><div class=\"fusion-column-wrapper fusion-flex-column-wrapper-legacy\"><div class=\"fusion-image-element in-legacy-container\" style=\"--awb-caption-title-font-family:var(--h2_typography-font-family);--awb-caption-title-font-weight:var(--h2_typography-font-weight);--awb-caption-title-font-style:var(--h2_typography-font-style);--awb-caption-title-size:var(--h2_typography-font-size);--awb-caption-title-transform:var(--h2_typography-text-transform);--awb-caption-title-line-height:var(--h2_typography-line-height);--awb-caption-title-letter-spacing:var(--h2_typography-letter-spacing);\"><span class=\" fusion-imageframe imageframe-dropshadow imageframe-2 hover-type-none\" style=\"-webkit-box-shadow: 3px 3px 7px rgba(0,0,0,0.3);box-shadow: 3px 3px 7px rgba(0,0,0,0.3);\"><a href=\"https:\/\/greenchalets.com\/wp-content\/uploads\/2017\/11\/zwembad-camping-Palamos-Greenchalets-L-ws.jpg\" class=\"fusion-lightbox\" data-rel=\"iLightbox[62c5851c7c008fa8192]\"><img decoding=\"async\" src=\"https:\/\/greenchalets.com\/wp-content\/uploads\/2015\/12\/zwembad-camping-Palamos-Greenchalets-L-ws-vk-300x300.jpg\" alt class=\"img-responsive\"\/><\/a><\/span><\/div><div class=\"fusion-clearfix\"><\/div><\/div><\/div><div class=\"fusion-layout-column fusion_builder_column fusion-builder-column-3 fusion_builder_column_1_5 1_5 fusion-one-fifth\" style=\"--awb-bg-size:cover;--awb-margin-top:30px;width:20%;width:calc(20% - ( ( 4% + 4% + 4% + 4% ) * 0.2 ) );margin-right: 4%;\"><div class=\"fusion-column-wrapper fusion-flex-column-wrapper-legacy\"><div class=\"fusion-image-element in-legacy-container\" style=\"--awb-caption-title-font-family:var(--h2_typography-font-family);--awb-caption-title-font-weight:var(--h2_typography-font-weight);--awb-caption-title-font-style:var(--h2_typography-font-style);--awb-caption-title-size:var(--h2_typography-font-size);--awb-caption-title-transform:var(--h2_typography-text-transform);--awb-caption-title-line-height:var(--h2_typography-line-height);--awb-caption-title-letter-spacing:var(--h2_typography-letter-spacing);\"><span class=\" fusion-imageframe imageframe-dropshadow imageframe-3 hover-type-none\" style=\"-webkit-box-shadow: 3px 3px 7px rgba(0,0,0,0.3);box-shadow: 3px 3px 7px rgba(0,0,0,0.3);\"><a href=\"https:\/\/greenchalets.com\/wp-content\/uploads\/2017\/11\/Palamos-camping-receptie-Greenchalets-L-ws.jpg\" class=\"fusion-lightbox\" data-rel=\"iLightbox[d47858321543076f0d7]\"><img decoding=\"async\" alt=\"Camping Internacional Palamos\" src=\"https:\/\/greenchalets.com\/wp-content\/uploads\/2015\/12\/Palamos-camping-receptie-Greenchalets-L-ws-vk-300x300.jpg\" class=\"img-responsive\"\/><\/a><\/span><\/div><div class=\"fusion-clearfix\"><\/div><\/div><\/div><div class=\"fusion-layout-column fusion_builder_column fusion-builder-column-4 fusion_builder_column_1_5 1_5 fusion-one-fifth\" style=\"--awb-bg-size:cover;--awb-margin-top:30px;width:20%;width:calc(20% - ( ( 4% + 4% + 4% + 4% ) * 0.2 ) );margin-right: 4%;\"><div class=\"fusion-column-wrapper fusion-flex-column-wrapper-legacy\"><div class=\"fusion-image-element in-legacy-container\" style=\"--awb-caption-title-font-family:var(--h2_typography-font-family);--awb-caption-title-font-weight:var(--h2_typography-font-weight);--awb-caption-title-font-style:var(--h2_typography-font-style);--awb-caption-title-size:var(--h2_typography-font-size);--awb-caption-title-transform:var(--h2_typography-text-transform);--awb-caption-title-line-height:var(--h2_typography-line-height);--awb-caption-title-letter-spacing:var(--h2_typography-letter-spacing);\"><span class=\" fusion-imageframe imageframe-dropshadow imageframe-4 hover-type-none\" style=\"-webkit-box-shadow: 3px 3px 7px rgba(0,0,0,0.3);box-shadow: 3px 3px 7px rgba(0,0,0,0.3);\"><a href=\"https:\/\/greenchalets.com\/wp-content\/uploads\/2017\/11\/Palamos-terras-restaurant-camping-9.jpg\" class=\"fusion-lightbox\" data-rel=\"iLightbox[213928c122651fe044d]\"><img decoding=\"async\" src=\"https:\/\/greenchalets.com\/wp-content\/uploads\/2017\/11\/Palamos-terras-restaurant-camping-9-300x300.jpg\" alt class=\"img-responsive\"\/><\/a><\/span><\/div><div class=\"fusion-clearfix\"><\/div><\/div><\/div><div class=\"fusion-layout-column fusion_builder_column fusion-builder-column-5 fusion_builder_column_1_5 1_5 fusion-one-fifth fusion-column-last\" style=\"--awb-bg-size:cover;--awb-margin-top:30px;width:20%;width:calc(20% - ( ( 4% + 4% + 4% + 4% ) * 0.2 ) );\"><div class=\"fusion-column-wrapper fusion-flex-column-wrapper-legacy\"><div class=\"fusion-image-element in-legacy-container\" style=\"--awb-caption-title-font-family:var(--h2_typography-font-family);--awb-caption-title-font-weight:var(--h2_typography-font-weight);--awb-caption-title-font-style:var(--h2_typography-font-style);--awb-caption-title-size:var(--h2_typography-font-size);--awb-caption-title-transform:var(--h2_typography-text-transform);--awb-caption-title-line-height:var(--h2_typography-line-height);--awb-caption-title-letter-spacing:var(--h2_typography-letter-spacing);\"><span class=\" fusion-imageframe imageframe-dropshadow imageframe-5 hover-type-none\" style=\"-webkit-box-shadow: 3px 3px 7px rgba(0,0,0,0.3);box-shadow: 3px 3px 7px rgba(0,0,0,0.3);\"><a href=\"https:\/\/greenchalets.com\/wp-content\/uploads\/2017\/11\/palamos-hoofdstraat-camping-L-ws.jpg\" class=\"fusion-lightbox\" data-rel=\"iLightbox[16483d02b24e8ada5f8]\"><img decoding=\"async\" alt=\"Camping Internacional Palamos\" src=\"https:\/\/greenchalets.com\/wp-content\/uploads\/2017\/11\/palamos-hoofdstraat-camping-L-ws.jpg\" class=\"img-responsive\"\/><\/a><\/span><\/div><div class=\"fusion-clearfix\"><\/div><\/div><\/div><div class=\"fusion-layout-column fusion_builder_column fusion-builder-column-6 fusion_builder_column_1_4 1_4 fusion-one-fourth fusion-column-first\" style=\"--awb-bg-size:cover;width:25%;width:calc(25% - ( ( 4% ) * 0.25 ) );margin-right: 4%;\"><div class=\"fusion-column-wrapper fusion-flex-column-wrapper-legacy\"><div class=\"fusion-text fusion-text-1\"><p><a href=\"https:\/\/www.facebook.com\/greenchalets\" target=\"_blank\" rel=\"noopener noreferrer\"><img decoding=\"async\" class=\"alignnone size-full wp-image-696\" src=\"https:\/\/greenchalets.com\/wp-content\/uploads\/2016\/01\/facebook.png\" alt=\"facebook\" \/><\/a><\/p>\n<\/div><div class=\"fusion-text fusion-text-2\"><p><a href=\"https:\/\/greenchalets.com\/fr\/prix-palamos\/\"><img decoding=\"async\" class=\"alignnone wp-image-5589 size-full\" src=\"https:\/\/greenchalets.com\/wp-content\/uploads\/sites\/4\/2016\/01\/ArrowFR-Prix.png\" alt=\"ArrowNL\" width=\"121\" height=\"35\" \/><\/a><\/p>\n<p><a href=\"https:\/\/greenchalets.com\/fr\/contact\/\"><img decoding=\"async\" class=\"alignnone size-full wp-image-5589\" src=\"https:\/\/greenchalets.com\/wp-content\/uploads\/sites\/4\/2016\/01\/ArrowFR.png\" alt=\"ArrowFR\" width=\"121\" height=\"35\" \/><\/a><\/p>\n<\/div><div class=\"fusion-widget-area awb-widget-area-element fusion-widget-area-1 fusion-content-widget-area\" style=\"--awb-title-size:13px;--awb-title-color:#318d08;--awb-padding:0px 0px 0px 0px;\"><div id=\"nav_menu-7\" class=\"widget widget_nav_menu\"><div class=\"menu-page-menu-palamos-container\"><ul id=\"menu-page-menu-palamos\" class=\"menu\"><li id=\"menu-item-2720\" class=\"menu-item menu-item-type-post_type menu-item-object-page menu-item-2720\"><a href=\"https:\/\/greenchalets.com\/fr\/chalettas-palamos\/\">Palamos chaletta<\/a><\/li>\n<li id=\"menu-item-2719\" class=\"menu-item menu-item-type-post_type menu-item-object-page menu-item-2719\"><a href=\"https:\/\/greenchalets.com\/fr\/camping-internacional-palamos\/\">Camping Internacional Palamos<\/a><\/li>\n<li id=\"menu-item-2717\" class=\"menu-item menu-item-type-post_type menu-item-object-page menu-item-2717\"><a href=\"https:\/\/greenchalets.com\/fr\/lieu-palamos-costa-brava\/\">Lieu Palamos Costa Brava<\/a><\/li>\n<li id=\"menu-item-2718\" class=\"menu-item menu-item-type-post_type menu-item-object-page menu-item-2718\"><a href=\"https:\/\/greenchalets.com\/fr\/environnement-palamos\/\">Environnement Palamos<\/a><\/li>\n<\/ul><\/div><\/div><div class=\"fusion-additional-widget-content\"><\/div><\/div><div class=\"fusion-clearfix\"><\/div><\/div><\/div><div class=\"fusion-layout-column fusion_builder_column fusion-builder-column-7 fusion_builder_column_2_3 2_3 fusion-two-third fusion-column-last\" style=\"--awb-bg-size:cover;width:66.666666666667%;width:calc(66.666666666667% - ( ( 4% ) * 0.66666666666667 ) );\"><div class=\"fusion-column-wrapper fusion-flex-column-wrapper-legacy\"><div class=\"fusion-text fusion-text-3\"><h2>CAMPING INTERNACIONAL PALAMOS<\/h2>\n<\/div><div class=\"fusion-builder-row fusion-builder-row-inner fusion-row\"><div class=\"fusion-layout-column fusion_builder_column_inner fusion-builder-nested-column-0 fusion_builder_column_inner_1_2 1_2 fusion-one-half fusion-column-first\" style=\"--awb-bg-size:cover;width:50%;width:calc(50% - ( ( 4% ) * 0.5 ) );margin-right: 4%;\"><div class=\"fusion-column-wrapper fusion-flex-column-wrapper-legacy\"><div class=\"fusion-text fusion-text-4\"><p>La Costa Brava, dans le nord de l\u2019Espagne, est une destination de vacances tr\u00e8s pris\u00e9e des amateurs de soleil. Qui souhaitent passer des vacances \u00e0 la plage.<\/p>\n<p>Au paisible camping familial international Internacional de Palamos. Nous louons un chalet de luxe dans un camping familial confortable et petit (400 places) situ\u00e9 sur la Costa Brava. Les chalettas sont situ\u00e9es \u00e0 Palamos, pr\u00e8s de Platja d\u2019Aro et \u00e0 distance de marche des magnifiques plages de sable fin !!<\/p>\n<p>L&#8217;emplacement favorable, le climat magnifique et les magnifiques environs.\u00a0 Font du Camping Internacional Palamos un point de d\u00e9part id\u00e9al pour d\u00e9couvrir la Costa Brava espagnole. Il y a beaucoup de beaux endroits \u00e0 visiter dans la r\u00e9gion. Visitez les villages m\u00e9di\u00e9vaux de Peratallada ou de Pals ou laissez-vous tenter par les \u00e9motions fortes et emmenez vos enfants dans les grands parcs aquatiques de la r\u00e9gion, tels que Aquabrava, Aquadiver ou Marineworld.<\/p>\n<h3>La famille tranquille Camping Internacional est proche de la plage (environ 350 m\u00e8tres \u00e0 pied)<\/h3>\n<p>Vous pouvez facilement rejoindre la plage de sable fin \u00e0 v\u00e9lo ou \u00e0 pied.<\/p>\n<\/div><div class=\"fusion-clearfix\"><\/div><\/div><\/div><div class=\"fusion-layout-column fusion_builder_column_inner fusion-builder-nested-column-1 fusion_builder_column_inner_1_2 1_2 fusion-one-half fusion-column-last\" style=\"--awb-bg-size:cover;width:50%;width:calc(50% - ( ( 4% ) * 0.5 ) );\"><div class=\"fusion-column-wrapper fusion-flex-column-wrapper-legacy\"><div class=\"fusion-text fusion-text-5\"><p>Les enfants se sentiront imm\u00e9diatement \u00e0 l&#8217;aise dans l&#8217;atmosph\u00e8re d\u00e9tendue du Camping Internacional Palamos. En raison de la clart\u00e9 et de la petite taille, ils vont rapidement. Se faire des amis et des petites amies et bien s\u00fbr, ils peuvent participer \u00e0 la haute saison en haute saison, en journ\u00e9e et en soir\u00e9e.<\/p>\n<p>Si vous n&#8217;avez pas envie de cuisiner, vous trouverez un snack-bar \u00e0 emporter et un simple restaurant sur le camping. Si vous voulez manger quelque chose de gastronomique, vous trouverez un boulevard et un petit centre commercial avec divers restaurants, magasins et un grand supermarch\u00e9 \u00e0 environ 500 m\u00e8tres du camping.<\/p>\n<p>L&#8217;atmosph\u00e8re chaleureuse, conviviale et paisible et les magnifiques environs, caract\u00e9ristiques de la Costa Brava, font de ce parc un lieu de vill\u00e9giature id\u00e9al.<\/p>\n<\/div><div class=\"fusion-clearfix\"><\/div><\/div><\/div><\/div><div class=\"fusion-clearfix\"><\/div><\/div><\/div><\/div><\/div>\n","protected":false},"excerpt":{"rendered":"","protected":false},"author":3,"featured_media":0,"parent":0,"menu_order":0,"comment_status":"closed","ping_status":"closed","template":"","meta":{"footnotes":""},"class_list":["post-2708","page","type-page","status-publish","hentry"],"yoast_head":"<!-- This site is optimized with the Yoast SEO plugin v27.5 - https:\/\/yoast.com\/product\/yoast-seo-wordpress\/ -->\n<title>Camping Internacional Palamos Greenchalets Espagne<\/title>\n<meta name=\"description\" content=\"Camping Internacional Palamos. La Costa Brava, dans le nord de l\u2019Espagne, est une destination de vacances tr\u00e8s pris\u00e9e des amateurs de soleil.\" \/>\n<meta name=\"robots\" content=\"index, follow, max-snippet:-1, max-image-preview:large, max-video-preview:-1\" \/>\n<link rel=\"canonical\" href=\"https:\/\/greenchalets.com\/fr\/camping-internacional-palamos\/\" \/>\n<meta property=\"og:locale\" content=\"nl_NL\" \/>\n<meta property=\"og:type\" content=\"article\" \/>\n<meta property=\"og:title\" content=\"Camping Internacional Palamos Greenchalets Espagne\" \/>\n<meta property=\"og:description\" content=\"Camping Internacional Palamos. La Costa Brava, dans le nord de l\u2019Espagne, est une destination de vacances tr\u00e8s pris\u00e9e des amateurs de soleil.\" \/>\n<meta property=\"og:url\" content=\"https:\/\/greenchalets.com\/fr\/camping-internacional-palamos\/\" \/>\n<meta property=\"og:site_name\" content=\"Greenchalets FR\" \/>\n<meta property=\"article:modified_time\" content=\"2025-06-07T16:20:02+00:00\" \/>\n<meta property=\"og:image\" content=\"https:\/\/greenchalets.com\/wp-content\/uploads\/2016\/01\/facebook.png\" \/>\n<meta name=\"twitter:card\" content=\"summary_large_image\" \/>\n<meta name=\"twitter:label1\" content=\"Geschatte leestijd\" \/>\n\t<meta name=\"twitter:data1\" content=\"4 minuten\" \/>\n<script type=\"application\/ld+json\" class=\"yoast-schema-graph\">{\"@context\":\"https:\\\/\\\/schema.org\",\"@graph\":[{\"@type\":\"WebPage\",\"@id\":\"https:\\\/\\\/greenchalets.com\\\/fr\\\/camping-internacional-palamos\\\/\",\"url\":\"https:\\\/\\\/greenchalets.com\\\/fr\\\/camping-internacional-palamos\\\/\",\"name\":\"Camping Internacional Palamos Greenchalets Espagne\",\"isPartOf\":{\"@id\":\"https:\\\/\\\/greenchalets.com\\\/fr\\\/#website\"},\"primaryImageOfPage\":{\"@id\":\"https:\\\/\\\/greenchalets.com\\\/fr\\\/camping-internacional-palamos\\\/#primaryimage\"},\"image\":{\"@id\":\"https:\\\/\\\/greenchalets.com\\\/fr\\\/camping-internacional-palamos\\\/#primaryimage\"},\"thumbnailUrl\":\"https:\\\/\\\/greenchalets.com\\\/wp-content\\\/uploads\\\/2016\\\/01\\\/facebook.png\",\"datePublished\":\"2018-09-07T22:35:21+00:00\",\"dateModified\":\"2025-06-07T16:20:02+00:00\",\"description\":\"Camping Internacional Palamos. La Costa Brava, dans le nord de l\u2019Espagne, est une destination de vacances tr\u00e8s pris\u00e9e des amateurs de soleil.\",\"breadcrumb\":{\"@id\":\"https:\\\/\\\/greenchalets.com\\\/fr\\\/camping-internacional-palamos\\\/#breadcrumb\"},\"inLanguage\":\"nl-NL\",\"potentialAction\":[{\"@type\":\"ReadAction\",\"target\":[\"https:\\\/\\\/greenchalets.com\\\/fr\\\/camping-internacional-palamos\\\/\"]}]},{\"@type\":\"ImageObject\",\"inLanguage\":\"nl-NL\",\"@id\":\"https:\\\/\\\/greenchalets.com\\\/fr\\\/camping-internacional-palamos\\\/#primaryimage\",\"url\":\"https:\\\/\\\/greenchalets.com\\\/wp-content\\\/uploads\\\/2016\\\/01\\\/facebook.png\",\"contentUrl\":\"https:\\\/\\\/greenchalets.com\\\/wp-content\\\/uploads\\\/2016\\\/01\\\/facebook.png\"},{\"@type\":\"BreadcrumbList\",\"@id\":\"https:\\\/\\\/greenchalets.com\\\/fr\\\/camping-internacional-palamos\\\/#breadcrumb\",\"itemListElement\":[{\"@type\":\"ListItem\",\"position\":1,\"name\":\"Home\",\"item\":\"https:\\\/\\\/greenchalets.com\\\/fr\\\/\"},{\"@type\":\"ListItem\",\"position\":2,\"name\":\"Camping Internacional Palamos\"}]},{\"@type\":\"WebSite\",\"@id\":\"https:\\\/\\\/greenchalets.com\\\/fr\\\/#website\",\"url\":\"https:\\\/\\\/greenchalets.com\\\/fr\\\/\",\"name\":\"Greenchalets FR\",\"description\":\"Greenchalets Mobil-homes camping Vacances\",\"potentialAction\":[{\"@type\":\"SearchAction\",\"target\":{\"@type\":\"EntryPoint\",\"urlTemplate\":\"https:\\\/\\\/greenchalets.com\\\/fr\\\/?s={search_term_string}\"},\"query-input\":{\"@type\":\"PropertyValueSpecification\",\"valueRequired\":true,\"valueName\":\"search_term_string\"}}],\"inLanguage\":\"nl-NL\"}]}<\/script>\n<!-- \/ Yoast SEO plugin. -->","yoast_head_json":{"title":"Camping Internacional Palamos Greenchalets Espagne","description":"Camping Internacional Palamos. La Costa Brava, dans le nord de l\u2019Espagne, est une destination de vacances tr\u00e8s pris\u00e9e des amateurs de soleil.","robots":{"index":"index","follow":"follow","max-snippet":"max-snippet:-1","max-image-preview":"max-image-preview:large","max-video-preview":"max-video-preview:-1"},"canonical":"https:\/\/greenchalets.com\/fr\/camping-internacional-palamos\/","og_locale":"nl_NL","og_type":"article","og_title":"Camping Internacional Palamos Greenchalets Espagne","og_description":"Camping Internacional Palamos. La Costa Brava, dans le nord de l\u2019Espagne, est une destination de vacances tr\u00e8s pris\u00e9e des amateurs de soleil.","og_url":"https:\/\/greenchalets.com\/fr\/camping-internacional-palamos\/","og_site_name":"Greenchalets FR","article_modified_time":"2025-06-07T16:20:02+00:00","og_image":[{"url":"https:\/\/greenchalets.com\/wp-content\/uploads\/2016\/01\/facebook.png","type":"","width":"","height":""}],"twitter_card":"summary_large_image","twitter_misc":{"Geschatte leestijd":"4 minuten"},"schema":{"@context":"https:\/\/schema.org","@graph":[{"@type":"WebPage","@id":"https:\/\/greenchalets.com\/fr\/camping-internacional-palamos\/","url":"https:\/\/greenchalets.com\/fr\/camping-internacional-palamos\/","name":"Camping Internacional Palamos Greenchalets Espagne","isPartOf":{"@id":"https:\/\/greenchalets.com\/fr\/#website"},"primaryImageOfPage":{"@id":"https:\/\/greenchalets.com\/fr\/camping-internacional-palamos\/#primaryimage"},"image":{"@id":"https:\/\/greenchalets.com\/fr\/camping-internacional-palamos\/#primaryimage"},"thumbnailUrl":"https:\/\/greenchalets.com\/wp-content\/uploads\/2016\/01\/facebook.png","datePublished":"2018-09-07T22:35:21+00:00","dateModified":"2025-06-07T16:20:02+00:00","description":"Camping Internacional Palamos. La Costa Brava, dans le nord de l\u2019Espagne, est une destination de vacances tr\u00e8s pris\u00e9e des amateurs de soleil.","breadcrumb":{"@id":"https:\/\/greenchalets.com\/fr\/camping-internacional-palamos\/#breadcrumb"},"inLanguage":"nl-NL","potentialAction":[{"@type":"ReadAction","target":["https:\/\/greenchalets.com\/fr\/camping-internacional-palamos\/"]}]},{"@type":"ImageObject","inLanguage":"nl-NL","@id":"https:\/\/greenchalets.com\/fr\/camping-internacional-palamos\/#primaryimage","url":"https:\/\/greenchalets.com\/wp-content\/uploads\/2016\/01\/facebook.png","contentUrl":"https:\/\/greenchalets.com\/wp-content\/uploads\/2016\/01\/facebook.png"},{"@type":"BreadcrumbList","@id":"https:\/\/greenchalets.com\/fr\/camping-internacional-palamos\/#breadcrumb","itemListElement":[{"@type":"ListItem","position":1,"name":"Home","item":"https:\/\/greenchalets.com\/fr\/"},{"@type":"ListItem","position":2,"name":"Camping Internacional Palamos"}]},{"@type":"WebSite","@id":"https:\/\/greenchalets.com\/fr\/#website","url":"https:\/\/greenchalets.com\/fr\/","name":"Greenchalets FR","description":"Greenchalets Mobil-homes camping Vacances","potentialAction":[{"@type":"SearchAction","target":{"@type":"EntryPoint","urlTemplate":"https:\/\/greenchalets.com\/fr\/?s={search_term_string}"},"query-input":{"@type":"PropertyValueSpecification","valueRequired":true,"valueName":"search_term_string"}}],"inLanguage":"nl-NL"}]}},"_links":{"self":[{"href":"https:\/\/greenchalets.com\/fr\/wp-json\/wp\/v2\/pages\/2708","targetHints":{"allow":["GET"]}}],"collection":[{"href":"https:\/\/greenchalets.com\/fr\/wp-json\/wp\/v2\/pages"}],"about":[{"href":"https:\/\/greenchalets.com\/fr\/wp-json\/wp\/v2\/types\/page"}],"author":[{"embeddable":true,"href":"https:\/\/greenchalets.com\/fr\/wp-json\/wp\/v2\/users\/3"}],"replies":[{"embeddable":true,"href":"https:\/\/greenchalets.com\/fr\/wp-json\/wp\/v2\/comments?post=2708"}],"version-history":[{"count":8,"href":"https:\/\/greenchalets.com\/fr\/wp-json\/wp\/v2\/pages\/2708\/revisions"}],"predecessor-version":[{"id":3894,"href":"https:\/\/greenchalets.com\/fr\/wp-json\/wp\/v2\/pages\/2708\/revisions\/3894"}],"wp:attachment":[{"href":"https:\/\/greenchalets.com\/fr\/wp-json\/wp\/v2\/media?parent=2708"}],"curies":[{"name":"wp","href":"https:\/\/api.w.org\/{rel}","templated":true}]}}