{"id":18,"date":"2015-12-16T21:03:20","date_gmt":"2015-12-16T21:03:20","guid":{"rendered":"http:\/\/greenchalets.com\/?page_id=18"},"modified":"2025-06-08T09:42:29","modified_gmt":"2025-06-08T08:42:29","slug":"chalet-porlezza-lac-de-lugano","status":"publish","type":"page","link":"https:\/\/greenchalets.com\/fr\/chalet-porlezza-lac-de-lugano\/","title":{"rendered":"Chalet type A Porlezza"},"content":{"rendered":"<div class=\"fusion-fullwidth fullwidth-box fusion-builder-row-1 nonhundred-percent-fullwidth non-hundred-percent-height-scrolling\" style=\"--awb-border-radius-top-left:0px;--awb-border-radius-top-right:0px;--awb-border-radius-bottom-right:0px;--awb-border-radius-bottom-left:0px;--awb-flex-wrap:wrap;\" ><div class=\"fusion-builder-row fusion-row\"><div class=\"fusion-layout-column fusion_builder_column fusion-builder-column-0 fusion_builder_column_1_1 1_1 fusion-one-full fusion-column-first fusion-column-last\" style=\"--awb-bg-size:cover;--awb-margin-bottom:0px;\"><div class=\"fusion-column-wrapper fusion-flex-column-wrapper-legacy\">\n<div class=\"fusion-slider-revolution rev_slider_wrapper\">\t\t\t<!-- START Lago di Lugano NL REVOLUTION SLIDER 6.6.20 --><p class=\"rs-p-wp-fix\"><\/p>\n\t\t\t<rs-module-wrap id=\"rev_slider_4_1_wrapper\" data-source=\"gallery\" style=\"visibility:hidden;background:transparent;padding:0;margin:0px auto;margin-top:0;margin-bottom:0;\">\n\t\t\t\t<rs-module id=\"rev_slider_4_1\" style=\"\" data-version=\"6.6.20\">\n\t\t\t\t\t<rs-slides style=\"overflow: hidden; position: absolute;\">\n\t\t\t\t\t\t<rs-slide style=\"position: absolute;\" data-key=\"rs-6\" data-title=\"Slide\" data-anim=\"adpr:false;\">\n\t\t\t\t\t\t\t<img decoding=\"async\" src=\"\/\/greenchalets.com\/fr\/wp-content\/plugins\/revslider\/public\/assets\/assets\/dummy.png\" alt=\"\" title=\"meer-van-lugano-header\" width=\"1600\" height=\"300\" class=\"rev-slidebg tp-rs-img rs-lazyload\" data-lazyload=\"\/\/greenchalets.com\/fr\/wp-content\/uploads\/sites\/4\/2016\/08\/meer-van-lugano-header.png\" data-bg=\"p:center top;\" data-no-retina>\n<!--\n\t\t\t\t\t\t\t--><rs-layer\n\t\t\t\t\t\t\t\tid=\"slider-4-slide-6-layer-1\" \n\t\t\t\t\t\t\t\tclass=\"boxshadow\"\n\t\t\t\t\t\t\t\tdata-type=\"text\"\n\t\t\t\t\t\t\t\tdata-color=\"rgba(255,255,255,1)\"\n\t\t\t\t\t\t\t\tdata-rsp_ch=\"on\"\n\t\t\t\t\t\t\t\tdata-xy=\"xo:16px;yo:41px;\"\n\t\t\t\t\t\t\t\tdata-text=\"w:normal;s:48;l:53;fw:600;\"\n\t\t\t\t\t\t\t\tdata-dim=\"w:435px;h:53px;\"\n\t\t\t\t\t\t\t\tdata-padding=\"l:5;\"\n\t\t\t\t\t\t\t\tdata-frame_0=\"tp:600;\"\n\t\t\t\t\t\t\t\tdata-frame_1=\"tp:600;e:power2.inOut;st:500;sR:500;\"\n\t\t\t\t\t\t\t\tdata-frame_999=\"o:0;tp:600;e:nothing;st:w;sR:8200;\"\n\t\t\t\t\t\t\t\tstyle=\"z-index:5;font-family:'Arial';-moz-box-shadow:0px 0px 20px rgba(0, 0, 0, 0.5);-webkit-box-shadow:0px 0px 20px rgba(0, 0, 0, 0.5);box-shadow:0px 0px 20px rgba(0, 0, 0, 0.5);type:text;\"\n\t\t\t\t\t\t\t>LAGO DI LUGANO \n\t\t\t\t\t\t\t<\/rs-layer><!--\n\n\t\t\t\t\t\t\t--><rs-layer\n\t\t\t\t\t\t\t\tid=\"slider-4-slide-6-layer-2\" \n\t\t\t\t\t\t\t\tclass=\"boxshadow\"\n\t\t\t\t\t\t\t\tdata-type=\"text\"\n\t\t\t\t\t\t\t\tdata-color=\"rgba(255,255,255,1)\"\n\t\t\t\t\t\t\t\tdata-rsp_ch=\"on\"\n\t\t\t\t\t\t\t\tdata-xy=\"xo:305px,305px,305px,249px;yo:107px,107px,107px,106px;\"\n\t\t\t\t\t\t\t\tdata-text=\"s:42;l:47;fw:900;a:center;\"\n\t\t\t\t\t\t\t\tdata-dim=\"w:220px;\"\n\t\t\t\t\t\t\t\tdata-frame_0=\"tp:600;\"\n\t\t\t\t\t\t\t\tdata-frame_1=\"tp:600;e:power2.inOut;st:500;sR:500;\"\n\t\t\t\t\t\t\t\tdata-frame_999=\"o:0;tp:600;e:nothing;st:w;sR:8200;\"\n\t\t\t\t\t\t\t\tstyle=\"z-index:6;font-family:'Trebuchet MS', 'Helvetica', 'sans-serif';-moz-box-shadow:0px 0px 20px rgba(0, 0, 0, 0.5);-webkit-box-shadow:0px 0px 20px rgba(0, 0, 0, 0.5);box-shadow:0px 0px 20px rgba(0, 0, 0, 0.5);type:text;\"\n\t\t\t\t\t\t\t>PORLEZZA \n\t\t\t\t\t\t\t<\/rs-layer><!--\n-->\t\t\t\t\t\t<\/rs-slide>\n\t\t\t\t\t<\/rs-slides>\n\t\t\t\t<\/rs-module>\n\t\t\t\t<script>\n\t\t\t\t\tsetREVStartSize({c: 'rev_slider_4_1',rl:[1240,1024,778,480],el:[],gw:[1600,1600,778,480],gh:[300,300,300,300],type:'standard',justify:'',layout:'fullwidth',mh:\"0\"});if (window.RS_MODULES!==undefined && window.RS_MODULES.modules!==undefined && window.RS_MODULES.modules[\"revslider41\"]!==undefined) {window.RS_MODULES.modules[\"revslider41\"].once = false;window.revapi4 = undefined;if (window.RS_MODULES.checkMinimal!==undefined) window.RS_MODULES.checkMinimal()}\n\t\t\t\t<\/script>\n\t\t\t<\/rs-module-wrap>\n\t\t\t<!-- END REVOLUTION SLIDER -->\n<\/div><div class=\"fusion-clearfix\"><\/div><\/div><\/div><div class=\"fusion-layout-column fusion_builder_column fusion-builder-column-1 fusion_builder_column_1_5 1_5 fusion-one-fifth fusion-column-first\" style=\"--awb-bg-size:cover;--awb-margin-top:30px;width:20%;width:calc(20% - ( ( 4% + 4% + 4% + 4% ) * 0.2 ) );margin-right: 4%;\"><div class=\"fusion-column-wrapper fusion-flex-column-wrapper-legacy\"><div class=\"fusion-image-element in-legacy-container\" style=\"--awb-caption-title-font-family:var(--h2_typography-font-family);--awb-caption-title-font-weight:var(--h2_typography-font-weight);--awb-caption-title-font-style:var(--h2_typography-font-style);--awb-caption-title-size:var(--h2_typography-font-size);--awb-caption-title-transform:var(--h2_typography-text-transform);--awb-caption-title-line-height:var(--h2_typography-line-height);--awb-caption-title-letter-spacing:var(--h2_typography-letter-spacing);\"><span class=\" fusion-imageframe imageframe-dropshadow imageframe-1 hover-type-none\" style=\"-webkit-box-shadow: 3px 3px 7px rgba(0,0,0,0.3);box-shadow: 3px 3px 7px rgba(0,0,0,0.3);\"><img decoding=\"async\" width=\"300\" height=\"200\" title=\"238 front 1 greenchalets porlezza L ws\" src=\"https:\/\/greenchalets.com\/fr\/wp-content\/uploads\/sites\/4\/2015\/12\/238-front-1-greenchalets-porlezza-L-ws-300x200.jpg\" alt class=\"img-responsive wp-image-1403\" srcset=\"https:\/\/greenchalets.com\/fr\/wp-content\/uploads\/sites\/4\/2015\/12\/238-front-1-greenchalets-porlezza-L-ws-200x133.jpg 200w, https:\/\/greenchalets.com\/fr\/wp-content\/uploads\/sites\/4\/2015\/12\/238-front-1-greenchalets-porlezza-L-ws-400x267.jpg 400w, https:\/\/greenchalets.com\/fr\/wp-content\/uploads\/sites\/4\/2015\/12\/238-front-1-greenchalets-porlezza-L-ws-600x400.jpg 600w, https:\/\/greenchalets.com\/fr\/wp-content\/uploads\/sites\/4\/2015\/12\/238-front-1-greenchalets-porlezza-L-ws-800x534.jpg 800w, https:\/\/greenchalets.com\/fr\/wp-content\/uploads\/sites\/4\/2015\/12\/238-front-1-greenchalets-porlezza-L-ws.jpg 1024w\" sizes=\"(max-width: 800px) 100vw, 400px\" \/><\/span><\/div><div class=\"fusion-clearfix\"><\/div><\/div><\/div><div class=\"fusion-layout-column fusion_builder_column fusion-builder-column-2 fusion_builder_column_1_5 1_5 fusion-one-fifth\" style=\"--awb-bg-size:cover;--awb-margin-top:30px;width:20%;width:calc(20% - ( ( 4% + 4% + 4% + 4% ) * 0.2 ) );margin-right: 4%;\"><div class=\"fusion-column-wrapper fusion-flex-column-wrapper-legacy\"><div class=\"fusion-image-element in-legacy-container\" style=\"--awb-caption-title-font-family:var(--h2_typography-font-family);--awb-caption-title-font-weight:var(--h2_typography-font-weight);--awb-caption-title-font-style:var(--h2_typography-font-style);--awb-caption-title-size:var(--h2_typography-font-size);--awb-caption-title-transform:var(--h2_typography-text-transform);--awb-caption-title-line-height:var(--h2_typography-line-height);--awb-caption-title-letter-spacing:var(--h2_typography-letter-spacing);\"><span class=\" fusion-imageframe imageframe-dropshadow imageframe-2 hover-type-none\" style=\"-webkit-box-shadow: 3px 3px 7px rgba(0,0,0,0.3);box-shadow: 3px 3px 7px rgba(0,0,0,0.3);\"><img decoding=\"async\" width=\"300\" height=\"200\" title=\"3 torino greenchalets porlezza kl ws\" src=\"http:\/\/greenchalets.com\/fr\/wp-content\/uploads\/sites\/4\/2021\/11\/3-torino-greenchalets-porlezza-kl-ws-300x200.jpg\" alt class=\"img-responsive wp-image-3755\" srcset=\"https:\/\/greenchalets.com\/fr\/wp-content\/uploads\/sites\/4\/2021\/11\/3-torino-greenchalets-porlezza-kl-ws-200x133.jpg 200w, https:\/\/greenchalets.com\/fr\/wp-content\/uploads\/sites\/4\/2021\/11\/3-torino-greenchalets-porlezza-kl-ws-400x267.jpg 400w, https:\/\/greenchalets.com\/fr\/wp-content\/uploads\/sites\/4\/2021\/11\/3-torino-greenchalets-porlezza-kl-ws-600x400.jpg 600w, https:\/\/greenchalets.com\/fr\/wp-content\/uploads\/sites\/4\/2021\/11\/3-torino-greenchalets-porlezza-kl-ws-800x534.jpg 800w, https:\/\/greenchalets.com\/fr\/wp-content\/uploads\/sites\/4\/2021\/11\/3-torino-greenchalets-porlezza-kl-ws.jpg 1024w\" sizes=\"(max-width: 800px) 100vw, 400px\" \/><\/span><\/div><div class=\"fusion-clearfix\"><\/div><\/div><\/div><div class=\"fusion-layout-column fusion_builder_column fusion-builder-column-3 fusion_builder_column_1_5 1_5 fusion-one-fifth\" style=\"--awb-bg-size:cover;--awb-margin-top:30px;width:20%;width:calc(20% - ( ( 4% + 4% + 4% + 4% ) * 0.2 ) );margin-right: 4%;\"><div class=\"fusion-column-wrapper fusion-flex-column-wrapper-legacy\"><div class=\"fusion-image-element in-legacy-container\" style=\"--awb-caption-title-font-family:var(--h2_typography-font-family);--awb-caption-title-font-weight:var(--h2_typography-font-weight);--awb-caption-title-font-style:var(--h2_typography-font-style);--awb-caption-title-size:var(--h2_typography-font-size);--awb-caption-title-transform:var(--h2_typography-text-transform);--awb-caption-title-line-height:var(--h2_typography-line-height);--awb-caption-title-letter-spacing:var(--h2_typography-letter-spacing);\"><span class=\" fusion-imageframe imageframe-dropshadow imageframe-3 hover-type-none\" style=\"-webkit-box-shadow: 3px 3px 7px rgba(0,0,0,0.3);box-shadow: 3px 3px 7px rgba(0,0,0,0.3);\"><img decoding=\"async\" width=\"300\" height=\"200\" title=\"235 chalet_zona_mandras\" src=\"https:\/\/greenchalets.com\/fr\/wp-content\/uploads\/sites\/4\/2015\/12\/235-chalet_zona_mandras-300x200.jpg\" alt class=\"img-responsive wp-image-1405\" srcset=\"https:\/\/greenchalets.com\/fr\/wp-content\/uploads\/sites\/4\/2015\/12\/235-chalet_zona_mandras-200x133.jpg 200w, https:\/\/greenchalets.com\/fr\/wp-content\/uploads\/sites\/4\/2015\/12\/235-chalet_zona_mandras-400x267.jpg 400w, https:\/\/greenchalets.com\/fr\/wp-content\/uploads\/sites\/4\/2015\/12\/235-chalet_zona_mandras-600x400.jpg 600w, https:\/\/greenchalets.com\/fr\/wp-content\/uploads\/sites\/4\/2015\/12\/235-chalet_zona_mandras-800x534.jpg 800w, https:\/\/greenchalets.com\/fr\/wp-content\/uploads\/sites\/4\/2015\/12\/235-chalet_zona_mandras.jpg 1024w\" sizes=\"(max-width: 800px) 100vw, 400px\" \/><\/span><\/div><div class=\"fusion-clearfix\"><\/div><\/div><\/div><div class=\"fusion-layout-column fusion_builder_column fusion-builder-column-4 fusion_builder_column_1_5 1_5 fusion-one-fifth\" style=\"--awb-bg-size:cover;--awb-margin-top:30px;width:20%;width:calc(20% - ( ( 4% + 4% + 4% + 4% ) * 0.2 ) );margin-right: 4%;\"><div class=\"fusion-column-wrapper fusion-flex-column-wrapper-legacy\"><div class=\"fusion-image-element in-legacy-container\" style=\"--awb-caption-title-font-family:var(--h2_typography-font-family);--awb-caption-title-font-weight:var(--h2_typography-font-weight);--awb-caption-title-font-style:var(--h2_typography-font-style);--awb-caption-title-size:var(--h2_typography-font-size);--awb-caption-title-transform:var(--h2_typography-text-transform);--awb-caption-title-line-height:var(--h2_typography-line-height);--awb-caption-title-letter-spacing:var(--h2_typography-letter-spacing);\"><span class=\" fusion-imageframe imageframe-dropshadow imageframe-4 hover-type-none\" style=\"-webkit-box-shadow: 3px 3px 7px rgba(0,0,0,0.3);box-shadow: 3px 3px 7px rgba(0,0,0,0.3);\"><img decoding=\"async\" width=\"1024\" height=\"683\" title=\"9 Napoli Greenchalets Porlezza L ws\" src=\"http:\/\/greenchalets.com\/fr\/wp-content\/uploads\/sites\/4\/2021\/11\/9-Napoli-Greenchalets-Porlezza-L-ws.jpg\" alt class=\"img-responsive wp-image-3772\" srcset=\"https:\/\/greenchalets.com\/fr\/wp-content\/uploads\/sites\/4\/2021\/11\/9-Napoli-Greenchalets-Porlezza-L-ws-200x133.jpg 200w, https:\/\/greenchalets.com\/fr\/wp-content\/uploads\/sites\/4\/2021\/11\/9-Napoli-Greenchalets-Porlezza-L-ws-400x267.jpg 400w, https:\/\/greenchalets.com\/fr\/wp-content\/uploads\/sites\/4\/2021\/11\/9-Napoli-Greenchalets-Porlezza-L-ws-600x400.jpg 600w, https:\/\/greenchalets.com\/fr\/wp-content\/uploads\/sites\/4\/2021\/11\/9-Napoli-Greenchalets-Porlezza-L-ws-800x534.jpg 800w, https:\/\/greenchalets.com\/fr\/wp-content\/uploads\/sites\/4\/2021\/11\/9-Napoli-Greenchalets-Porlezza-L-ws.jpg 1024w\" sizes=\"(max-width: 800px) 100vw, 400px\" \/><\/span><\/div><div class=\"fusion-clearfix\"><\/div><\/div><\/div><div class=\"fusion-layout-column fusion_builder_column fusion-builder-column-5 fusion_builder_column_1_5 1_5 fusion-one-fifth fusion-column-last\" style=\"--awb-bg-size:cover;--awb-margin-top:30px;width:20%;width:calc(20% - ( ( 4% + 4% + 4% + 4% ) * 0.2 ) );\"><div class=\"fusion-column-wrapper fusion-flex-column-wrapper-legacy\"><div class=\"fusion-image-element in-legacy-container\" style=\"--awb-caption-title-font-family:var(--h2_typography-font-family);--awb-caption-title-font-weight:var(--h2_typography-font-weight);--awb-caption-title-font-style:var(--h2_typography-font-style);--awb-caption-title-size:var(--h2_typography-font-size);--awb-caption-title-transform:var(--h2_typography-text-transform);--awb-caption-title-line-height:var(--h2_typography-line-height);--awb-caption-title-letter-spacing:var(--h2_typography-letter-spacing);\"><span class=\" fusion-imageframe imageframe-dropshadow imageframe-5 hover-type-none\" style=\"-webkit-box-shadow: 3px 3px 7px rgba(0,0,0,0.3);box-shadow: 3px 3px 7px rgba(0,0,0,0.3);\"><img decoding=\"async\" width=\"300\" height=\"202\" title=\"238 Greenchalets streetvieuw L ws\" src=\"https:\/\/greenchalets.com\/fr\/wp-content\/uploads\/sites\/4\/2015\/12\/238-Greenchalets-streetvieuw-L-ws-300x202.jpg\" alt class=\"img-responsive wp-image-1407\" srcset=\"https:\/\/greenchalets.com\/fr\/wp-content\/uploads\/sites\/4\/2015\/12\/238-Greenchalets-streetvieuw-L-ws-200x135.jpg 200w, https:\/\/greenchalets.com\/fr\/wp-content\/uploads\/sites\/4\/2015\/12\/238-Greenchalets-streetvieuw-L-ws-400x269.jpg 400w, https:\/\/greenchalets.com\/fr\/wp-content\/uploads\/sites\/4\/2015\/12\/238-Greenchalets-streetvieuw-L-ws-600x404.jpg 600w, https:\/\/greenchalets.com\/fr\/wp-content\/uploads\/sites\/4\/2015\/12\/238-Greenchalets-streetvieuw-L-ws-800x539.jpg 800w, https:\/\/greenchalets.com\/fr\/wp-content\/uploads\/sites\/4\/2015\/12\/238-Greenchalets-streetvieuw-L-ws.jpg 1014w\" sizes=\"(max-width: 800px) 100vw, 400px\" \/><\/span><\/div><div class=\"fusion-clearfix\"><\/div><\/div><\/div><div class=\"fusion-layout-column fusion_builder_column fusion-builder-column-6 fusion_builder_column_1_4 1_4 fusion-one-fourth fusion-column-first\" style=\"--awb-bg-size:cover;width:25%;width:calc(25% - ( ( 4% + 4% ) * 0.25 ) );margin-right: 4%;\"><div class=\"fusion-column-wrapper fusion-flex-column-wrapper-legacy\"><div class=\"fusion-text fusion-text-1\"><p><a href=\"https:\/\/www.facebook.com\/greenchalets\" target=\"_blank\" rel=\"noopener noreferrer\"><img decoding=\"async\" class=\"alignnone size-full wp-image-696\" src=\"https:\/\/greenchalets.com\/wp-content\/uploads\/2016\/01\/facebook.png\" alt=\"facebook\" \/><\/a><\/p>\n<\/div><div class=\"fusion-text fusion-text-2\"><p><a href=\"https:\/\/greenchalets.com\/fr\/chalets-prix-lagodilugano-porlezza\/\"><img decoding=\"async\" class=\"alignnone wp-image-5589 size-full\" src=\"https:\/\/greenchalets.com\/wp-content\/uploads\/sites\/4\/2016\/01\/ArrowFR-Prix.png\" alt=\"ArrowNL\" width=\"121\" height=\"35\" \/><\/a><\/p>\n<p><a href=\"https:\/\/www.greenchalets.com\/fr\/contact\/\"><img decoding=\"async\" class=\"alignnone size-full wp-image-5589\" src=\"https:\/\/greenchalets.com\/wp-content\/uploads\/sites\/4\/2016\/01\/ArrowFR.png\" alt=\"ArrowFR\" width=\"121\" height=\"35\" \/><\/a><\/p>\n<\/div><div class=\"fusion-widget-area awb-widget-area-element fusion-widget-area-1 fusion-content-widget-area\" style=\"--awb-title-size:13px;--awb-title-color:#318d08;--awb-padding:0px 0px 0px 0px;\"><section id=\"nav_menu-6\" class=\"widget pojo-sidebar widget_nav_menu\"><div class=\"widget-inner\"><div class=\"menu-lago-di-lugano-fr-container\"><ul id=\"menu-lago-di-lugano-fr\" class=\"menu\"><li id=\"menu-item-549\" class=\"menu-item menu-item-type-post_type menu-item-object-page menu-item-549\"><a href=\"https:\/\/greenchalets.com\/fr\/chalet-porlezza-lac-de-lugano\/\">Lago di Lugano chalet type A<\/a><\/li>\n<li id=\"menu-item-548\" class=\"menu-item menu-item-type-post_type menu-item-object-page menu-item-548\"><a href=\"https:\/\/greenchalets.com\/fr\/camping-porlezza-lac-de-lugano\/\">Camping Porlezza Lago di Lugano<\/a><\/li>\n<li id=\"menu-item-551\" class=\"menu-item menu-item-type-post_type menu-item-object-page menu-item-551\"><a href=\"https:\/\/greenchalets.com\/fr\/lieu-greenchalets-porlezza\/\">Lieu Greenchalets Lago di Lugano<\/a><\/li>\n<li id=\"menu-item-552\" class=\"menu-item menu-item-type-post_type menu-item-object-page menu-item-552\"><a href=\"https:\/\/greenchalets.com\/fr\/environs-porlezza-lago-di-lugano\/\">Les environs de Porlezza &#8211; Lago di Lugano<\/a><\/li>\n<\/ul><\/div><\/div><\/section><div class=\"fusion-additional-widget-content\"><\/div><\/div><div class=\"fusion-clearfix\"><\/div><\/div><\/div><div class=\"fusion-layout-column fusion_builder_column fusion-builder-column-7 fusion_builder_column_2_5 2_5 fusion-two-fifth\" style=\"--awb-bg-size:cover;width:40%;width:calc(40% - ( ( 4% + 4% ) * 0.4 ) );margin-right: 4%;\"><div class=\"fusion-column-wrapper fusion-flex-column-wrapper-legacy\"><div class=\"fusion-text fusion-text-3\"><h1>CHALET TYPE A LAC DE LUGANO<\/h1>\n<p>Greenchalets vous propose de magnifiques chalets\/mobil-homes au camping International au bord du lac de Lugano dans le nord de l&#8217;Italie. Ce camping familial et chaleureux se trouve \u00e0 deux pas de Porlezza. En plus d&#8217;une grande piscine ext\u00e9rieure, le camping poss\u00e8de \u00e9galement sa propre plage de 1000 m\u00e8tres de long.<\/p>\n<p><strong>Greenchalets Chalets \/ mobil-homes \u00e0 Porlezza au bord du lac de Lugano<\/strong><br \/>\nNous disposons de 1 type de chalet au camping International Porlezza. Le chalet de type A, enti\u00e8rement constitu\u00e9 de bois et donc tr\u00e8s attractif. Ces chalets sont situ\u00e9s dans de beaux emplacements centraux, au calme, \u00e0 proximit\u00e9 de la plage. Ils disposent d&#8217;emplacements relativement spacieux avec leur propre place de parking.<\/p>\n<p>Vous ne manquerez de rien dans les chalets Greenchalets. Ils se composent de deux chambres et de cinq couchages permanents. Vous disposez \u00e9galement d&#8217;une salle de bain privative avec douche, WC et lavabo. De plus, tous les chalets\/mobil-homes disposent d&#8217;une v\u00e9randa couverte. Ceux-ci sont \u00e9quip\u00e9s, entre autres, d&#8217;un salon de jardin et d&#8217;un salon.<\/p>\n<\/div><div class=\"fusion-clearfix\"><\/div><\/div><\/div><div class=\"fusion-layout-column fusion_builder_column fusion-builder-column-8 fusion_builder_column_1_3 1_3 fusion-one-third fusion-column-last\" style=\"--awb-bg-size:cover;width:33.333333333333%;width:calc(33.333333333333% - ( ( 4% + 4% ) * 0.33333333333333 ) );\"><div class=\"fusion-column-wrapper fusion-flex-column-wrapper-legacy\"><div class=\"fusion-text fusion-text-4\"><h1 data-fontsize=\"48\" data-lineheight=\"48\">DISPOSITION\u00a0CHALET A<\/h1>\n<ul>\n<li>Chambre \u00e0 coucher avec lit double<\/li>\n<li>Chambre \u00e0 coucher avec 2 ou 3 lits<\/li>\n<li>salle de s\u00e9jour avec cuisine enti\u00e8rement \u00e9quip\u00e9e.<\/li>\n<li>salle de bains avec douche, toilettes et lavabo.<\/li>\n<li>v\u00e9randa verrouillable avec voile et\u00a0meuble jardin de cinq pi\u00e8ces<\/li>\n<\/ul>\n<\/div><div class=\"fusion-clearfix\"><\/div><\/div><\/div><\/div><\/div>\n","protected":false},"excerpt":{"rendered":"","protected":false},"author":1,"featured_media":0,"parent":0,"menu_order":0,"comment_status":"closed","ping_status":"closed","template":"","meta":{"footnotes":""},"class_list":["post-18","page","type-page","status-publish","hentry"],"yoast_head":"<!-- This site is optimized with the Yoast SEO plugin v27.4 - https:\/\/yoast.com\/product\/yoast-seo-wordpress\/ -->\n<title>chalet Porlezza Lac de Lugano<\/title>\n<meta name=\"description\" content=\"chalet Porlezza Lac de Lugano Ces chalets sont compos\u00e9s enti\u00e8rement de bois et rayonnent du confort.\" \/>\n<meta name=\"robots\" content=\"index, follow, max-snippet:-1, max-image-preview:large, max-video-preview:-1\" \/>\n<link rel=\"canonical\" href=\"https:\/\/greenchalets.com\/fr\/chalet-porlezza-lac-de-lugano\/\" \/>\n<meta property=\"og:locale\" content=\"nl_NL\" \/>\n<meta property=\"og:type\" content=\"article\" \/>\n<meta property=\"og:title\" content=\"chalet Porlezza Lac de Lugano\" \/>\n<meta property=\"og:description\" content=\"chalet Porlezza Lac de Lugano Ces chalets sont compos\u00e9s enti\u00e8rement de bois et rayonnent du confort.\" \/>\n<meta property=\"og:url\" content=\"https:\/\/greenchalets.com\/fr\/chalet-porlezza-lac-de-lugano\/\" \/>\n<meta property=\"og:site_name\" content=\"Greenchalets FR\" \/>\n<meta property=\"article:modified_time\" content=\"2025-06-08T08:42:29+00:00\" \/>\n<meta property=\"og:image\" content=\"https:\/\/greenchalets.com\/wp-content\/uploads\/2016\/01\/facebook.png\" \/>\n<meta name=\"twitter:card\" content=\"summary_large_image\" \/>\n<meta name=\"twitter:label1\" content=\"Geschatte leestijd\" \/>\n\t<meta name=\"twitter:data1\" content=\"4 minuten\" \/>\n<script type=\"application\/ld+json\" class=\"yoast-schema-graph\">{\"@context\":\"https:\\\/\\\/schema.org\",\"@graph\":[{\"@type\":\"WebPage\",\"@id\":\"https:\\\/\\\/greenchalets.com\\\/fr\\\/chalet-porlezza-lac-de-lugano\\\/\",\"url\":\"https:\\\/\\\/greenchalets.com\\\/fr\\\/chalet-porlezza-lac-de-lugano\\\/\",\"name\":\"chalet Porlezza Lac de Lugano\",\"isPartOf\":{\"@id\":\"https:\\\/\\\/greenchalets.com\\\/fr\\\/#website\"},\"primaryImageOfPage\":{\"@id\":\"https:\\\/\\\/greenchalets.com\\\/fr\\\/chalet-porlezza-lac-de-lugano\\\/#primaryimage\"},\"image\":{\"@id\":\"https:\\\/\\\/greenchalets.com\\\/fr\\\/chalet-porlezza-lac-de-lugano\\\/#primaryimage\"},\"thumbnailUrl\":\"https:\\\/\\\/greenchalets.com\\\/wp-content\\\/uploads\\\/2016\\\/01\\\/facebook.png\",\"datePublished\":\"2015-12-16T21:03:20+00:00\",\"dateModified\":\"2025-06-08T08:42:29+00:00\",\"description\":\"chalet Porlezza Lac de Lugano Ces chalets sont compos\u00e9s enti\u00e8rement de bois et rayonnent du confort.\",\"breadcrumb\":{\"@id\":\"https:\\\/\\\/greenchalets.com\\\/fr\\\/chalet-porlezza-lac-de-lugano\\\/#breadcrumb\"},\"inLanguage\":\"nl-NL\",\"potentialAction\":[{\"@type\":\"ReadAction\",\"target\":[\"https:\\\/\\\/greenchalets.com\\\/fr\\\/chalet-porlezza-lac-de-lugano\\\/\"]}]},{\"@type\":\"ImageObject\",\"inLanguage\":\"nl-NL\",\"@id\":\"https:\\\/\\\/greenchalets.com\\\/fr\\\/chalet-porlezza-lac-de-lugano\\\/#primaryimage\",\"url\":\"https:\\\/\\\/greenchalets.com\\\/wp-content\\\/uploads\\\/2016\\\/01\\\/facebook.png\",\"contentUrl\":\"https:\\\/\\\/greenchalets.com\\\/wp-content\\\/uploads\\\/2016\\\/01\\\/facebook.png\"},{\"@type\":\"BreadcrumbList\",\"@id\":\"https:\\\/\\\/greenchalets.com\\\/fr\\\/chalet-porlezza-lac-de-lugano\\\/#breadcrumb\",\"itemListElement\":[{\"@type\":\"ListItem\",\"position\":1,\"name\":\"Home\",\"item\":\"https:\\\/\\\/greenchalets.com\\\/fr\\\/\"},{\"@type\":\"ListItem\",\"position\":2,\"name\":\"Chalet type A Porlezza\"}]},{\"@type\":\"WebSite\",\"@id\":\"https:\\\/\\\/greenchalets.com\\\/fr\\\/#website\",\"url\":\"https:\\\/\\\/greenchalets.com\\\/fr\\\/\",\"name\":\"Greenchalets FR\",\"description\":\"Greenchalets Mobil-homes camping Vacances\",\"potentialAction\":[{\"@type\":\"SearchAction\",\"target\":{\"@type\":\"EntryPoint\",\"urlTemplate\":\"https:\\\/\\\/greenchalets.com\\\/fr\\\/?s={search_term_string}\"},\"query-input\":{\"@type\":\"PropertyValueSpecification\",\"valueRequired\":true,\"valueName\":\"search_term_string\"}}],\"inLanguage\":\"nl-NL\"}]}<\/script>\n<!-- \/ Yoast SEO plugin. -->","yoast_head_json":{"title":"chalet Porlezza Lac de Lugano","description":"chalet Porlezza Lac de Lugano Ces chalets sont compos\u00e9s enti\u00e8rement de bois et rayonnent du confort.","robots":{"index":"index","follow":"follow","max-snippet":"max-snippet:-1","max-image-preview":"max-image-preview:large","max-video-preview":"max-video-preview:-1"},"canonical":"https:\/\/greenchalets.com\/fr\/chalet-porlezza-lac-de-lugano\/","og_locale":"nl_NL","og_type":"article","og_title":"chalet Porlezza Lac de Lugano","og_description":"chalet Porlezza Lac de Lugano Ces chalets sont compos\u00e9s enti\u00e8rement de bois et rayonnent du confort.","og_url":"https:\/\/greenchalets.com\/fr\/chalet-porlezza-lac-de-lugano\/","og_site_name":"Greenchalets FR","article_modified_time":"2025-06-08T08:42:29+00:00","og_image":[{"url":"https:\/\/greenchalets.com\/wp-content\/uploads\/2016\/01\/facebook.png","type":"","width":"","height":""}],"twitter_card":"summary_large_image","twitter_misc":{"Geschatte leestijd":"4 minuten"},"schema":{"@context":"https:\/\/schema.org","@graph":[{"@type":"WebPage","@id":"https:\/\/greenchalets.com\/fr\/chalet-porlezza-lac-de-lugano\/","url":"https:\/\/greenchalets.com\/fr\/chalet-porlezza-lac-de-lugano\/","name":"chalet Porlezza Lac de Lugano","isPartOf":{"@id":"https:\/\/greenchalets.com\/fr\/#website"},"primaryImageOfPage":{"@id":"https:\/\/greenchalets.com\/fr\/chalet-porlezza-lac-de-lugano\/#primaryimage"},"image":{"@id":"https:\/\/greenchalets.com\/fr\/chalet-porlezza-lac-de-lugano\/#primaryimage"},"thumbnailUrl":"https:\/\/greenchalets.com\/wp-content\/uploads\/2016\/01\/facebook.png","datePublished":"2015-12-16T21:03:20+00:00","dateModified":"2025-06-08T08:42:29+00:00","description":"chalet Porlezza Lac de Lugano Ces chalets sont compos\u00e9s enti\u00e8rement de bois et rayonnent du confort.","breadcrumb":{"@id":"https:\/\/greenchalets.com\/fr\/chalet-porlezza-lac-de-lugano\/#breadcrumb"},"inLanguage":"nl-NL","potentialAction":[{"@type":"ReadAction","target":["https:\/\/greenchalets.com\/fr\/chalet-porlezza-lac-de-lugano\/"]}]},{"@type":"ImageObject","inLanguage":"nl-NL","@id":"https:\/\/greenchalets.com\/fr\/chalet-porlezza-lac-de-lugano\/#primaryimage","url":"https:\/\/greenchalets.com\/wp-content\/uploads\/2016\/01\/facebook.png","contentUrl":"https:\/\/greenchalets.com\/wp-content\/uploads\/2016\/01\/facebook.png"},{"@type":"BreadcrumbList","@id":"https:\/\/greenchalets.com\/fr\/chalet-porlezza-lac-de-lugano\/#breadcrumb","itemListElement":[{"@type":"ListItem","position":1,"name":"Home","item":"https:\/\/greenchalets.com\/fr\/"},{"@type":"ListItem","position":2,"name":"Chalet type A Porlezza"}]},{"@type":"WebSite","@id":"https:\/\/greenchalets.com\/fr\/#website","url":"https:\/\/greenchalets.com\/fr\/","name":"Greenchalets FR","description":"Greenchalets Mobil-homes camping Vacances","potentialAction":[{"@type":"SearchAction","target":{"@type":"EntryPoint","urlTemplate":"https:\/\/greenchalets.com\/fr\/?s={search_term_string}"},"query-input":{"@type":"PropertyValueSpecification","valueRequired":true,"valueName":"search_term_string"}}],"inLanguage":"nl-NL"}]}},"_links":{"self":[{"href":"https:\/\/greenchalets.com\/fr\/wp-json\/wp\/v2\/pages\/18","targetHints":{"allow":["GET"]}}],"collection":[{"href":"https:\/\/greenchalets.com\/fr\/wp-json\/wp\/v2\/pages"}],"about":[{"href":"https:\/\/greenchalets.com\/fr\/wp-json\/wp\/v2\/types\/page"}],"author":[{"embeddable":true,"href":"https:\/\/greenchalets.com\/fr\/wp-json\/wp\/v2\/users\/1"}],"replies":[{"embeddable":true,"href":"https:\/\/greenchalets.com\/fr\/wp-json\/wp\/v2\/comments?post=18"}],"version-history":[{"count":29,"href":"https:\/\/greenchalets.com\/fr\/wp-json\/wp\/v2\/pages\/18\/revisions"}],"predecessor-version":[{"id":3898,"href":"https:\/\/greenchalets.com\/fr\/wp-json\/wp\/v2\/pages\/18\/revisions\/3898"}],"wp:attachment":[{"href":"https:\/\/greenchalets.com\/fr\/wp-json\/wp\/v2\/media?parent=18"}],"curies":[{"name":"wp","href":"https:\/\/api.w.org\/{rel}","templated":true}]}}